{"id":1175,"date":"2021-11-05T14:51:06","date_gmt":"2021-11-05T13:51:06","guid":{"rendered":"http:\/\/icidedansdehors.art\/?page_id=1175"},"modified":"2023-02-23T19:34:25","modified_gmt":"2023-02-23T18:34:25","slug":"nos-partenaires","status":"publish","type":"page","link":"https:\/\/icidedansdehors.art\/index.php\/accueil\/nos-partenaires\/","title":{"rendered":"Artistes Associ\u00e9s"},"content":{"rendered":"\n<div class=\"wp-block-media-text is-stacked-on-mobile is-vertically-aligned-center\" style=\"grid-template-columns:37% auto\"><figure class=\"wp-block-media-text__media\"><img loading=\"lazy\" decoding=\"async\" width=\"683\" height=\"1024\" src=\"https:\/\/icidedansdehors.art\/wp-content\/uploads\/2023\/02\/AnneSophieAisele2-683x1024.jpg\" alt=\"Anne Sophie Aisele\" class=\"wp-image-1615 size-full\" srcset=\"https:\/\/icidedansdehors.art\/wp-content\/uploads\/2023\/02\/AnneSophieAisele2-683x1024.jpg 683w, https:\/\/icidedansdehors.art\/wp-content\/uploads\/2023\/02\/AnneSophieAisele2-200x300.jpg 200w, https:\/\/icidedansdehors.art\/wp-content\/uploads\/2023\/02\/AnneSophieAisele2-768x1151.jpg 768w, https:\/\/icidedansdehors.art\/wp-content\/uploads\/2023\/02\/AnneSophieAisele2-1025x1536.jpg 1025w, https:\/\/icidedansdehors.art\/wp-content\/uploads\/2023\/02\/AnneSophieAisele2.jpg 1366w\" sizes=\"(max-width: 683px) 100vw, 683px\" \/><\/figure><div class=\"wp-block-media-text__content\">\n<h1 class=\"wp-block-heading\"><strong>Anne Sophie Eisel\u00e9<\/strong><\/h1>\n\n\n\n<p class=\"has-text-align-left\">Dipl\u00f4m\u00e9e du Master de Viole de Gambe au CNSMD de Lyon ainsi que de la Licence de Musicologie, Anne-Sophie se produit au sein de diverses formations de musiques anciennes. Elle enregistre deux disques avec&nbsp;<em>Le Concert des Plan\u00e8tes Consort<\/em>&nbsp;(<em>What is our life ?<\/em>, 2017) ainsi qu&rsquo;avec l&rsquo;ensemble&nbsp;<em>Faenza<\/em>&nbsp;(musique d&rsquo;Ecole Bernabei, parution mars 2023). Elle co-fonde l&rsquo;ensemble&nbsp;<em>Delta<\/em>&nbsp;avec Adriaan Lauwers (Belgique, France, Autriche) consacr\u00e9 \u00e0 la musique italienne, ainsi que le duo&nbsp;<em>Tiggarna<\/em>&nbsp;avec Colin Heller qui explore la musique traditionnelle su\u00e9doise. <\/p>\n\n\n\n<p class=\"has-text-align-left\">Elle participe \u00e0 plusieurs projets de styles vari\u00e9s tels que&nbsp;<em>Transcultural Confluence<\/em>&nbsp;(\u00e9changes des musiques&nbsp;maliennes, danoises et fran\u00e7aises) \u00e0 Aalborg au Danemark, la chanson fran\u00e7aise, ou encore le tango argentin. Elle se pla\u00eet particuli\u00e8rement \u00e0 accompagner les danseurs, acrobates et com\u00e9diens. Anne-Sophie enseigne \u00e9galement la viole de gambe lors de stages, cours priv\u00e9s et master-classes (auparavant au CRR d&rsquo;Annecy). C&rsquo;est au CNSMD de Lyon qu&rsquo;elle rencontre Pierre Fournier et participe \u00e0 la cr\u00e9ation :&nbsp;<em>Le songe d&rsquo;Ulysse<\/em>&nbsp;(2018).<\/p>\n\n\n\n<p class=\"has-text-align-left\">En dehors de la musique, Anne-Sophie a pratiqu\u00e9 plusieurs ann\u00e9es durant l&rsquo;\u00e9quitation, puis le tango argentin qu&rsquo;elle d\u00e9couvre en 2018 et rencontre ainsi Corinne Chevalier.<\/p>\n<\/div><\/div>\n\n\n\n<div class=\"wp-block-media-text alignwide has-media-on-the-right is-stacked-on-mobile\" style=\"grid-template-columns:auto 23%\"><div class=\"wp-block-media-text__content\">\n<h1 class=\"has-text-align-right wp-block-heading\"><strong>MICKAEL TABOYAN<\/strong><\/h1>\n\n\n\n<p class=\"has-text-align-right\">Micka\u00ebl Taboyan se forme en tant com\u00e9dien avec la Com\u00e9die de Valence en suivant diff\u00e9rents workshops avec Caroline Guiela Nguyen, \u00c9ric Mass\u00e9 et Richard Brunel. En danse, il suit plusieurs stages avec Thierry Thie\u00fb Niang et la Compagnie Peeping Tom avec qui il joue \u00ab A louer \u00bb en 2011 au CDN de Valence. Par la suite, il int\u00e8gre la Compagnie Gazoline, dirig\u00e9e par C\u00e9cile Auxire Marmouget, avec laquelle il joue notamment : \u00ab Une heure et dix-huit minutes \u00bb, une pi\u00e8ce documentaire d&rsquo;Elena Gremina qui traite de l&rsquo;univers carc\u00e9ral et judiciaire dans la Russie d&rsquo;aujourd&rsquo;hui, coproduit par le Th\u00e9\u00e2tre des C\u00e9lestins, \u00e0 Lyon.<\/p>\n\n\n\n<p class=\"has-text-align-right\">En 2020, il int\u00e8gre la Cie8, il \u00e9crit et joue avec Caroline Lhuillier Combal une pi\u00e8ce de th\u00e9\u00e2tre physique sur le harc\u00e8lement : \u00ab #ELP \u00bb, en tourn\u00e9e actuellement. Parall\u00e8lement, il se forme au jeu face cam\u00e9ra et tourne dans plusieurs fictions comme r\u00e9cemment dans : \u00ab La nuit du 12 \u00bb de Dominik Moll et \u00ab 10 jours encore sans maman \u00bb avec Frank Dubosc. A la t\u00e9l\u00e9vision, il interpr\u00e8te le r\u00f4le d&rsquo;un avocat : ma\u00eetre Descat dans \u00ab Un Si Grand Soleil \u00bb sur France 2. Micka\u00ebl est actuellement en cours de cr\u00e9ation d&rsquo;un seul en sc\u00e8ne, sur le th\u00e8me de la misanthropie : \u00ab Je suis Alceste \u00bb.<\/p>\n<\/div><figure class=\"wp-block-media-text__media\"><img loading=\"lazy\" decoding=\"async\" width=\"683\" height=\"1024\" src=\"https:\/\/icidedansdehors.art\/wp-content\/uploads\/2023\/02\/MICKAEL_TABOYAN_01282-683x1024.jpg\" alt=\"Mickael Taboyan\" class=\"wp-image-1617 size-full\" srcset=\"https:\/\/icidedansdehors.art\/wp-content\/uploads\/2023\/02\/MICKAEL_TABOYAN_01282-683x1024.jpg 683w, https:\/\/icidedansdehors.art\/wp-content\/uploads\/2023\/02\/MICKAEL_TABOYAN_01282-200x300.jpg 200w, https:\/\/icidedansdehors.art\/wp-content\/uploads\/2023\/02\/MICKAEL_TABOYAN_01282-768x1152.jpg 768w, https:\/\/icidedansdehors.art\/wp-content\/uploads\/2023\/02\/MICKAEL_TABOYAN_01282-1024x1536.jpg 1024w, https:\/\/icidedansdehors.art\/wp-content\/uploads\/2023\/02\/MICKAEL_TABOYAN_01282-1366x2048.jpg 1366w, https:\/\/icidedansdehors.art\/wp-content\/uploads\/2023\/02\/MICKAEL_TABOYAN_01282-scaled.jpg 1707w\" sizes=\"(max-width: 683px) 100vw, 683px\" \/><\/figure><\/div>\n\n\n\n<div class=\"wp-block-media-text alignwide is-stacked-on-mobile\" style=\"grid-template-columns:24% auto\"><figure class=\"wp-block-media-text__media\"><img loading=\"lazy\" decoding=\"async\" width=\"683\" height=\"1024\" src=\"https:\/\/icidedansdehors.art\/wp-content\/uploads\/2023\/02\/CINDY_SILVA-MORI_01138-683x1024.jpg\" alt=\"\" class=\"wp-image-1616 size-full\" srcset=\"https:\/\/icidedansdehors.art\/wp-content\/uploads\/2023\/02\/CINDY_SILVA-MORI_01138-683x1024.jpg 683w, https:\/\/icidedansdehors.art\/wp-content\/uploads\/2023\/02\/CINDY_SILVA-MORI_01138-200x300.jpg 200w, https:\/\/icidedansdehors.art\/wp-content\/uploads\/2023\/02\/CINDY_SILVA-MORI_01138-768x1152.jpg 768w, https:\/\/icidedansdehors.art\/wp-content\/uploads\/2023\/02\/CINDY_SILVA-MORI_01138-1024x1536.jpg 1024w, https:\/\/icidedansdehors.art\/wp-content\/uploads\/2023\/02\/CINDY_SILVA-MORI_01138-1366x2048.jpg 1366w, https:\/\/icidedansdehors.art\/wp-content\/uploads\/2023\/02\/CINDY_SILVA-MORI_01138-scaled.jpg 1707w\" sizes=\"(max-width: 683px) 100vw, 683px\" \/><\/figure><div class=\"wp-block-media-text__content\">\n<h1 class=\"wp-block-heading\"><strong>CINDY SILVA MORI<\/strong><\/h1>\n\n\n\n<p><\/p>\n<\/div><\/div>\n\n\n\n<div class=\"wp-block-media-text alignwide has-media-on-the-right is-stacked-on-mobile\" style=\"grid-template-columns:auto 26%\"><div class=\"wp-block-media-text__content\">\n<h1 class=\"has-text-align-right wp-block-heading\">Ga\u00eblle Bourgeois<\/h1>\n<\/div><figure class=\"wp-block-media-text__media\"><img loading=\"lazy\" decoding=\"async\" width=\"182\" height=\"214\" src=\"https:\/\/icidedansdehors.art\/wp-content\/uploads\/2021\/11\/b64ddf_5ab1262897f84dca93537d1f1dd7c068mv2.png\" alt=\"\" class=\"wp-image-1265 size-full\"\/><\/figure><\/div>\n\n\n\n<p class=\"has-text-align-center has-medium-font-size\"><strong><mark style=\"background-color:rgba(0, 0, 0, 0)\" class=\"has-inline-color has-black-color\">Nos partenaires publics :<\/mark><\/strong><\/p>\n\n\n\n<figure class=\"wp-block-image alignwide size-large is-style-rounded\"><img loading=\"lazy\" decoding=\"async\" width=\"1024\" height=\"265\" src=\"http:\/\/icidedansdehors.art\/wp-content\/uploads\/2021\/11\/Partenaires-publics-1024x265.png\" alt=\"\" class=\"wp-image-1289\" srcset=\"https:\/\/icidedansdehors.art\/wp-content\/uploads\/2021\/11\/Partenaires-publics-1024x265.png 1024w, https:\/\/icidedansdehors.art\/wp-content\/uploads\/2021\/11\/Partenaires-publics-300x78.png 300w, https:\/\/icidedansdehors.art\/wp-content\/uploads\/2021\/11\/Partenaires-publics-768x198.png 768w, https:\/\/icidedansdehors.art\/wp-content\/uploads\/2021\/11\/Partenaires-publics-1536x397.png 1536w, https:\/\/icidedansdehors.art\/wp-content\/uploads\/2021\/11\/Partenaires-publics.png 1714w\" sizes=\"(max-width: 1024px) 100vw, 1024px\" \/><\/figure>\n\n\n\n<hr class=\"wp-block-separator has-text-color has-white-color has-css-opacity has-white-background-color has-background\"\/>\n\n\n\n<p class=\"has-text-align-center has-medium-font-size\"><strong>Nos partenaires artistiques :<\/strong><\/p>\n\n\n\n<hr class=\"wp-block-separator has-text-color has-white-color has-css-opacity has-white-background-color has-background\"\/>\n\n\n\n<figure class=\"wp-block-image size-large is-style-rounded\"><img loading=\"lazy\" decoding=\"async\" width=\"1024\" height=\"267\" src=\"http:\/\/icidedansdehors.art\/wp-content\/uploads\/2021\/11\/Sans-titre-1-1024x267.png\" alt=\"\" class=\"wp-image-1295\" srcset=\"https:\/\/icidedansdehors.art\/wp-content\/uploads\/2021\/11\/Sans-titre-1-1024x267.png 1024w, https:\/\/icidedansdehors.art\/wp-content\/uploads\/2021\/11\/Sans-titre-1-300x78.png 300w, https:\/\/icidedansdehors.art\/wp-content\/uploads\/2021\/11\/Sans-titre-1-768x200.png 768w, https:\/\/icidedansdehors.art\/wp-content\/uploads\/2021\/11\/Sans-titre-1.png 1171w\" sizes=\"(max-width: 1024px) 100vw, 1024px\" \/><\/figure>\n\n\n\n<hr class=\"wp-block-separator has-text-color has-white-color has-css-opacity has-white-background-color has-background\"\/>\n\n\n\n<p class=\"has-medium-font-size\">Et pourquoi pas vous ? Vous pouvez soutenir nos projets en devenant m\u00e9c\u00e8ne de l&rsquo;association.<\/p>\n\n\n\n<p class=\"has-medium-font-size\"> N&rsquo;h\u00e9sitez pas \u00e0 contacter Ma\u00eblys Kioska par t\u00e9l\u00e9phone au 07 82 34 59 20 ou par mail \u00e0 <a href=\"mailto:contact@icidedansdehors.art\">contact@icidedansdehors.art<\/a> pour \u00e9changer \u00e0 propos des projets que nous pourrons d\u00e9velopper ensemble.<\/p>\n\n\n\n<div class=\"wp-block-buttons is-layout-flex wp-block-buttons-is-layout-flex\"><\/div>\n\n\n\n<p><\/p>\n\n\n\n<div class=\"wp-block-media-text alignwide is-stacked-on-mobile\"><figure class=\"wp-block-media-text__media\"><\/figure><div class=\"wp-block-media-text__content\">\n<p><\/p>\n<\/div><\/div>\n","protected":false},"excerpt":{"rendered":"<p>Anne Sophie Eisel\u00e9 Dipl\u00f4m\u00e9e du Master de Viole de Gambe au CNSMD de Lyon ainsi que de la Licence de Musicologie, Anne-Sophie se produit au sein de diverses formations de musiques anciennes. Elle enregistre deux disques avec&nbsp;Le Concert des Plan\u00e8tes Consort&nbsp;(What is our life ?, 2017) ainsi qu&rsquo;avec l&rsquo;ensemble&nbsp;Faenza&nbsp;(musique d&rsquo;Ecole Bernabei, parution mars 2023). Elle [&hellip;]<\/p>\n","protected":false},"author":1,"featured_media":0,"parent":223,"menu_order":0,"comment_status":"closed","ping_status":"closed","template":"","meta":{"ocean_post_layout":"","ocean_both_sidebars_style":"","ocean_both_sidebars_content_width":0,"ocean_both_sidebars_sidebars_width":0,"ocean_sidebar":"0","ocean_second_sidebar":"0","ocean_disable_margins":"enable","ocean_add_body_class":"","ocean_shortcode_before_top_bar":"","ocean_shortcode_after_top_bar":"","ocean_shortcode_before_header":"","ocean_shortcode_after_header":"","ocean_has_shortcode":"","ocean_shortcode_after_title":"","ocean_shortcode_before_footer_widgets":"","ocean_shortcode_after_footer_widgets":"","ocean_shortcode_before_footer_bottom":"","ocean_shortcode_after_footer_bottom":"","ocean_display_top_bar":"default","ocean_display_header":"default","ocean_header_style":"","ocean_center_header_left_menu":"0","ocean_custom_header_template":"0","ocean_custom_logo":0,"ocean_custom_retina_logo":0,"ocean_custom_logo_max_width":0,"ocean_custom_logo_tablet_max_width":0,"ocean_custom_logo_mobile_max_width":0,"ocean_custom_logo_max_height":0,"ocean_custom_logo_tablet_max_height":0,"ocean_custom_logo_mobile_max_height":0,"ocean_header_custom_menu":"0","ocean_menu_typo_font_family":"0","ocean_menu_typo_font_subset":"","ocean_menu_typo_font_size":0,"ocean_menu_typo_font_size_tablet":0,"ocean_menu_typo_font_size_mobile":0,"ocean_menu_typo_font_size_unit":"px","ocean_menu_typo_font_weight":"","ocean_menu_typo_font_weight_tablet":"","ocean_menu_typo_font_weight_mobile":"","ocean_menu_typo_transform":"","ocean_menu_typo_transform_tablet":"","ocean_menu_typo_transform_mobile":"","ocean_menu_typo_line_height":0,"ocean_menu_typo_line_height_tablet":0,"ocean_menu_typo_line_height_mobile":0,"ocean_menu_typo_line_height_unit":"","ocean_menu_typo_spacing":0,"ocean_menu_typo_spacing_tablet":0,"ocean_menu_typo_spacing_mobile":0,"ocean_menu_typo_spacing_unit":"","ocean_menu_link_color":"","ocean_menu_link_color_hover":"","ocean_menu_link_color_active":"","ocean_menu_link_background":"","ocean_menu_link_hover_background":"","ocean_menu_link_active_background":"","ocean_menu_social_links_bg":"","ocean_menu_social_hover_links_bg":"","ocean_menu_social_links_color":"","ocean_menu_social_hover_links_color":"","ocean_disable_title":"default","ocean_disable_heading":"default","ocean_post_title":"","ocean_post_subheading":"","ocean_post_title_style":"","ocean_post_title_background_color":"","ocean_post_title_background":0,"ocean_post_title_bg_image_position":"","ocean_post_title_bg_image_attachment":"","ocean_post_title_bg_image_repeat":"","ocean_post_title_bg_image_size":"","ocean_post_title_height":0,"ocean_post_title_bg_overlay":0.5,"ocean_post_title_bg_overlay_color":"","ocean_disable_breadcrumbs":"default","ocean_breadcrumbs_color":"","ocean_breadcrumbs_separator_color":"","ocean_breadcrumbs_links_color":"","ocean_breadcrumbs_links_hover_color":"","ocean_display_footer_widgets":"default","ocean_display_footer_bottom":"default","ocean_custom_footer_template":"0","footnotes":""},"yoast_head":"<!-- This site is optimized with the Yoast SEO plugin v23.5 - https:\/\/yoast.com\/wordpress\/plugins\/seo\/ -->\n<title>Artistes Associ\u00e9s - ICI DEDANS DEHORS ZONE DE TURBULENCE - th\u00e9\u00e2tre indisciplin\u00e9<\/title>\n<meta name=\"robots\" content=\"index, follow, max-snippet:-1, max-image-preview:large, max-video-preview:-1\" \/>\n<link rel=\"canonical\" href=\"https:\/\/icidedansdehors.art\/index.php\/accueil\/nos-partenaires\/\" \/>\n<meta property=\"og:locale\" content=\"fr_FR\" \/>\n<meta property=\"og:type\" content=\"article\" \/>\n<meta property=\"og:title\" content=\"Artistes Associ\u00e9s - ICI DEDANS DEHORS ZONE DE TURBULENCE - th\u00e9\u00e2tre indisciplin\u00e9\" \/>\n<meta property=\"og:description\" content=\"Anne Sophie Eisel\u00e9 Dipl\u00f4m\u00e9e du Master de Viole de Gambe au CNSMD de Lyon ainsi que de la Licence de Musicologie, Anne-Sophie se produit au sein de diverses formations de musiques anciennes. Elle enregistre deux disques avec&nbsp;Le Concert des Plan\u00e8tes Consort&nbsp;(What is our life ?, 2017) ainsi qu&rsquo;avec l&rsquo;ensemble&nbsp;Faenza&nbsp;(musique d&rsquo;Ecole Bernabei, parution mars 2023). Elle [&hellip;]\" \/>\n<meta property=\"og:url\" content=\"https:\/\/icidedansdehors.art\/index.php\/accueil\/nos-partenaires\/\" \/>\n<meta property=\"og:site_name\" content=\"ICI DEDANS DEHORS ZONE DE TURBULENCE - th\u00e9\u00e2tre indisciplin\u00e9\" \/>\n<meta property=\"article:publisher\" content=\"https:\/\/www.facebook.com\/pleins.feux.5\" \/>\n<meta property=\"article:modified_time\" content=\"2023-02-23T18:34:25+00:00\" \/>\n<meta property=\"og:image\" content=\"https:\/\/icidedansdehors.art\/wp-content\/uploads\/2023\/02\/AnneSophieAisele2-683x1024.jpg\" \/>\n<meta name=\"twitter:card\" content=\"summary_large_image\" \/>\n<meta name=\"twitter:label1\" content=\"Dur\u00e9e de lecture estim\u00e9e\" \/>\n\t<meta name=\"twitter:data1\" content=\"4 minutes\" \/>\n<script type=\"application\/ld+json\" class=\"yoast-schema-graph\">{\"@context\":\"https:\/\/schema.org\",\"@graph\":[{\"@type\":\"WebPage\",\"@id\":\"https:\/\/icidedansdehors.art\/index.php\/accueil\/nos-partenaires\/\",\"url\":\"https:\/\/icidedansdehors.art\/index.php\/accueil\/nos-partenaires\/\",\"name\":\"Artistes Associ\u00e9s - ICI DEDANS DEHORS ZONE DE TURBULENCE - th\u00e9\u00e2tre indisciplin\u00e9\",\"isPartOf\":{\"@id\":\"https:\/\/icidedansdehors.art\/#website\"},\"primaryImageOfPage\":{\"@id\":\"https:\/\/icidedansdehors.art\/index.php\/accueil\/nos-partenaires\/#primaryimage\"},\"image\":{\"@id\":\"https:\/\/icidedansdehors.art\/index.php\/accueil\/nos-partenaires\/#primaryimage\"},\"thumbnailUrl\":\"https:\/\/icidedansdehors.art\/wp-content\/uploads\/2023\/02\/AnneSophieAisele2-683x1024.jpg\",\"datePublished\":\"2021-11-05T13:51:06+00:00\",\"dateModified\":\"2023-02-23T18:34:25+00:00\",\"breadcrumb\":{\"@id\":\"https:\/\/icidedansdehors.art\/index.php\/accueil\/nos-partenaires\/#breadcrumb\"},\"inLanguage\":\"fr-FR\",\"potentialAction\":[{\"@type\":\"ReadAction\",\"target\":[\"https:\/\/icidedansdehors.art\/index.php\/accueil\/nos-partenaires\/\"]}]},{\"@type\":\"ImageObject\",\"inLanguage\":\"fr-FR\",\"@id\":\"https:\/\/icidedansdehors.art\/index.php\/accueil\/nos-partenaires\/#primaryimage\",\"url\":\"https:\/\/icidedansdehors.art\/wp-content\/uploads\/2023\/02\/AnneSophieAisele2.jpg\",\"contentUrl\":\"https:\/\/icidedansdehors.art\/wp-content\/uploads\/2023\/02\/AnneSophieAisele2.jpg\",\"width\":1366,\"height\":2048,\"caption\":\"Anne Sophie Aisele\"},{\"@type\":\"BreadcrumbList\",\"@id\":\"https:\/\/icidedansdehors.art\/index.php\/accueil\/nos-partenaires\/#breadcrumb\",\"itemListElement\":[{\"@type\":\"ListItem\",\"position\":1,\"name\":\"Accueil\",\"item\":\"https:\/\/icidedansdehors.art\/\"},{\"@type\":\"ListItem\",\"position\":2,\"name\":\"\u00c0 propos\",\"item\":\"https:\/\/icidedansdehors.art\/index.php\/accueil\/\"},{\"@type\":\"ListItem\",\"position\":3,\"name\":\"Artistes Associ\u00e9s\"}]},{\"@type\":\"WebSite\",\"@id\":\"https:\/\/icidedansdehors.art\/#website\",\"url\":\"https:\/\/icidedansdehors.art\/\",\"name\":\"ICI DEDANS DEHORS ZONE DE TURBULENCE - th\u00e9\u00e2tre indisciplin\u00e9\",\"description\":\"Compagnie de th\u00e9\u00e2tre indisciplin\u00e9e\",\"publisher\":{\"@id\":\"https:\/\/icidedansdehors.art\/#organization\"},\"potentialAction\":[{\"@type\":\"SearchAction\",\"target\":{\"@type\":\"EntryPoint\",\"urlTemplate\":\"https:\/\/icidedansdehors.art\/?s={search_term_string}\"},\"query-input\":{\"@type\":\"PropertyValueSpecification\",\"valueRequired\":true,\"valueName\":\"search_term_string\"}}],\"inLanguage\":\"fr-FR\"},{\"@type\":\"Organization\",\"@id\":\"https:\/\/icidedansdehors.art\/#organization\",\"name\":\"ICI DEDANS DEHORS ZONE DE TURBULENCE - th\u00e9\u00e2tre indisciplin\u00e9\",\"url\":\"https:\/\/icidedansdehors.art\/\",\"logo\":{\"@type\":\"ImageObject\",\"inLanguage\":\"fr-FR\",\"@id\":\"https:\/\/icidedansdehors.art\/#\/schema\/logo\/image\/\",\"url\":\"https:\/\/icidedansdehors.art\/wp-content\/uploads\/2023\/01\/cropped-Logo-IDDZT-2023-scaled-2.jpg\",\"contentUrl\":\"https:\/\/icidedansdehors.art\/wp-content\/uploads\/2023\/01\/cropped-Logo-IDDZT-2023-scaled-2.jpg\",\"width\":2219,\"height\":1478,\"caption\":\"ICI DEDANS DEHORS ZONE DE TURBULENCE - th\u00e9\u00e2tre indisciplin\u00e9\"},\"image\":{\"@id\":\"https:\/\/icidedansdehors.art\/#\/schema\/logo\/image\/\"},\"sameAs\":[\"https:\/\/www.facebook.com\/pleins.feux.5\"]}]}<\/script>\n<!-- \/ Yoast SEO plugin. -->","yoast_head_json":{"title":"Artistes Associ\u00e9s - ICI DEDANS DEHORS ZONE DE TURBULENCE - th\u00e9\u00e2tre indisciplin\u00e9","robots":{"index":"index","follow":"follow","max-snippet":"max-snippet:-1","max-image-preview":"max-image-preview:large","max-video-preview":"max-video-preview:-1"},"canonical":"https:\/\/icidedansdehors.art\/index.php\/accueil\/nos-partenaires\/","og_locale":"fr_FR","og_type":"article","og_title":"Artistes Associ\u00e9s - ICI DEDANS DEHORS ZONE DE TURBULENCE - th\u00e9\u00e2tre indisciplin\u00e9","og_description":"Anne Sophie Eisel\u00e9 Dipl\u00f4m\u00e9e du Master de Viole de Gambe au CNSMD de Lyon ainsi que de la Licence de Musicologie, Anne-Sophie se produit au sein de diverses formations de musiques anciennes. Elle enregistre deux disques avec&nbsp;Le Concert des Plan\u00e8tes Consort&nbsp;(What is our life ?, 2017) ainsi qu&rsquo;avec l&rsquo;ensemble&nbsp;Faenza&nbsp;(musique d&rsquo;Ecole Bernabei, parution mars 2023). Elle [&hellip;]","og_url":"https:\/\/icidedansdehors.art\/index.php\/accueil\/nos-partenaires\/","og_site_name":"ICI DEDANS DEHORS ZONE DE TURBULENCE - th\u00e9\u00e2tre indisciplin\u00e9","article_publisher":"https:\/\/www.facebook.com\/pleins.feux.5","article_modified_time":"2023-02-23T18:34:25+00:00","og_image":[{"url":"https:\/\/icidedansdehors.art\/wp-content\/uploads\/2023\/02\/AnneSophieAisele2-683x1024.jpg"}],"twitter_card":"summary_large_image","twitter_misc":{"Dur\u00e9e de lecture estim\u00e9e":"4 minutes"},"schema":{"@context":"https:\/\/schema.org","@graph":[{"@type":"WebPage","@id":"https:\/\/icidedansdehors.art\/index.php\/accueil\/nos-partenaires\/","url":"https:\/\/icidedansdehors.art\/index.php\/accueil\/nos-partenaires\/","name":"Artistes Associ\u00e9s - ICI DEDANS DEHORS ZONE DE TURBULENCE - th\u00e9\u00e2tre indisciplin\u00e9","isPartOf":{"@id":"https:\/\/icidedansdehors.art\/#website"},"primaryImageOfPage":{"@id":"https:\/\/icidedansdehors.art\/index.php\/accueil\/nos-partenaires\/#primaryimage"},"image":{"@id":"https:\/\/icidedansdehors.art\/index.php\/accueil\/nos-partenaires\/#primaryimage"},"thumbnailUrl":"https:\/\/icidedansdehors.art\/wp-content\/uploads\/2023\/02\/AnneSophieAisele2-683x1024.jpg","datePublished":"2021-11-05T13:51:06+00:00","dateModified":"2023-02-23T18:34:25+00:00","breadcrumb":{"@id":"https:\/\/icidedansdehors.art\/index.php\/accueil\/nos-partenaires\/#breadcrumb"},"inLanguage":"fr-FR","potentialAction":[{"@type":"ReadAction","target":["https:\/\/icidedansdehors.art\/index.php\/accueil\/nos-partenaires\/"]}]},{"@type":"ImageObject","inLanguage":"fr-FR","@id":"https:\/\/icidedansdehors.art\/index.php\/accueil\/nos-partenaires\/#primaryimage","url":"https:\/\/icidedansdehors.art\/wp-content\/uploads\/2023\/02\/AnneSophieAisele2.jpg","contentUrl":"https:\/\/icidedansdehors.art\/wp-content\/uploads\/2023\/02\/AnneSophieAisele2.jpg","width":1366,"height":2048,"caption":"Anne Sophie Aisele"},{"@type":"BreadcrumbList","@id":"https:\/\/icidedansdehors.art\/index.php\/accueil\/nos-partenaires\/#breadcrumb","itemListElement":[{"@type":"ListItem","position":1,"name":"Accueil","item":"https:\/\/icidedansdehors.art\/"},{"@type":"ListItem","position":2,"name":"\u00c0 propos","item":"https:\/\/icidedansdehors.art\/index.php\/accueil\/"},{"@type":"ListItem","position":3,"name":"Artistes Associ\u00e9s"}]},{"@type":"WebSite","@id":"https:\/\/icidedansdehors.art\/#website","url":"https:\/\/icidedansdehors.art\/","name":"ICI DEDANS DEHORS ZONE DE TURBULENCE - th\u00e9\u00e2tre indisciplin\u00e9","description":"Compagnie de th\u00e9\u00e2tre indisciplin\u00e9e","publisher":{"@id":"https:\/\/icidedansdehors.art\/#organization"},"potentialAction":[{"@type":"SearchAction","target":{"@type":"EntryPoint","urlTemplate":"https:\/\/icidedansdehors.art\/?s={search_term_string}"},"query-input":{"@type":"PropertyValueSpecification","valueRequired":true,"valueName":"search_term_string"}}],"inLanguage":"fr-FR"},{"@type":"Organization","@id":"https:\/\/icidedansdehors.art\/#organization","name":"ICI DEDANS DEHORS ZONE DE TURBULENCE - th\u00e9\u00e2tre indisciplin\u00e9","url":"https:\/\/icidedansdehors.art\/","logo":{"@type":"ImageObject","inLanguage":"fr-FR","@id":"https:\/\/icidedansdehors.art\/#\/schema\/logo\/image\/","url":"https:\/\/icidedansdehors.art\/wp-content\/uploads\/2023\/01\/cropped-Logo-IDDZT-2023-scaled-2.jpg","contentUrl":"https:\/\/icidedansdehors.art\/wp-content\/uploads\/2023\/01\/cropped-Logo-IDDZT-2023-scaled-2.jpg","width":2219,"height":1478,"caption":"ICI DEDANS DEHORS ZONE DE TURBULENCE - th\u00e9\u00e2tre indisciplin\u00e9"},"image":{"@id":"https:\/\/icidedansdehors.art\/#\/schema\/logo\/image\/"},"sameAs":["https:\/\/www.facebook.com\/pleins.feux.5"]}]}},"_links":{"self":[{"href":"https:\/\/icidedansdehors.art\/index.php\/wp-json\/wp\/v2\/pages\/1175"}],"collection":[{"href":"https:\/\/icidedansdehors.art\/index.php\/wp-json\/wp\/v2\/pages"}],"about":[{"href":"https:\/\/icidedansdehors.art\/index.php\/wp-json\/wp\/v2\/types\/page"}],"author":[{"embeddable":true,"href":"https:\/\/icidedansdehors.art\/index.php\/wp-json\/wp\/v2\/users\/1"}],"replies":[{"embeddable":true,"href":"https:\/\/icidedansdehors.art\/index.php\/wp-json\/wp\/v2\/comments?post=1175"}],"version-history":[{"count":16,"href":"https:\/\/icidedansdehors.art\/index.php\/wp-json\/wp\/v2\/pages\/1175\/revisions"}],"predecessor-version":[{"id":1629,"href":"https:\/\/icidedansdehors.art\/index.php\/wp-json\/wp\/v2\/pages\/1175\/revisions\/1629"}],"up":[{"embeddable":true,"href":"https:\/\/icidedansdehors.art\/index.php\/wp-json\/wp\/v2\/pages\/223"}],"wp:attachment":[{"href":"https:\/\/icidedansdehors.art\/index.php\/wp-json\/wp\/v2\/media?parent=1175"}],"curies":[{"name":"wp","href":"https:\/\/api.w.org\/{rel}","templated":true}]}}