{"id":139,"date":"2021-09-24T14:25:41","date_gmt":"2021-09-24T12:25:41","guid":{"rendered":"http:\/\/icidedansdehors.art\/?page_id=139"},"modified":"2022-05-23T17:24:47","modified_gmt":"2022-05-23T15:24:47","slug":"la-decharge","status":"publish","type":"page","link":"https:\/\/icidedansdehors.art\/index.php\/nos-spectacles-2\/la-decharge\/","title":{"rendered":"La D\u00e9charge"},"content":{"rendered":"\n<div class=\"wp-block-cover alignfull\" style=\"min-height:254px\"><img loading=\"lazy\" decoding=\"async\" width=\"850\" height=\"567\" class=\"wp-block-cover__image-background wp-image-411\" alt=\"\" src=\"http:\/\/icidedansdehors.art\/wp-content\/uploads\/2021\/10\/IMG_4672.jpg\" style=\"object-position:51% 32%\" data-object-fit=\"cover\" data-object-position=\"51% 32%\" srcset=\"https:\/\/icidedansdehors.art\/wp-content\/uploads\/2021\/10\/IMG_4672.jpg 850w, https:\/\/icidedansdehors.art\/wp-content\/uploads\/2021\/10\/IMG_4672-300x200.jpg 300w, https:\/\/icidedansdehors.art\/wp-content\/uploads\/2021\/10\/IMG_4672-768x512.jpg 768w\" sizes=\"(max-width: 850px) 100vw, 850px\" \/><div class=\"wp-block-cover__inner-container is-layout-flow wp-block-cover-is-layout-flow\">\n<p class=\"has-text-align-right has-white-color has-text-color\" style=\"font-size:45px\"><strong>La D\u00e9charge<\/strong><\/p>\n<\/div><\/div>\n\n\n\n<hr class=\"wp-block-separator has-text-color has-background has-white-background-color has-white-color\"\/>\n\n\n\n<p class=\"has-text-align-center has-primary-color has-text-color\" style=\"font-size:18px\"> Cr\u00e9ation 2017 <\/p>\n\n\n\n<p class=\"has-text-align-center has-accent-color has-text-color\" style=\"font-size:18px\">Texte original &#8211; Pierre Heitz <\/p>\n\n\n\n<p class=\"has-text-align-center has-accent-color has-text-color\" style=\"font-size:18px\">Id\u00e9e originale &#8211; Jorge Lorca <\/p>\n\n\n\n<p class=\"has-text-align-center has-accent-color has-text-color\" style=\"font-size:18px\">Direction de projet &#8211;&nbsp;Corinne Chevalier <\/p>\n\n\n\n<p class=\"has-text-align-center has-accent-color has-text-color\" style=\"font-size:18px\">Mise en rue, en corps et en rythme &#8211;&nbsp;Jorge Lorca <\/p>\n\n\n\n<p class=\"has-text-align-center has-accent-color has-text-color\" style=\"font-size:18px\">Chor\u00e9graphies &#8211;&nbsp;Jorge Lorca &#8211; S\u00e9bastien Jolly <\/p>\n\n\n\n<p class=\"has-text-align-center has-accent-color has-text-color\" style=\"font-size:18px\">Travail sur l\u2019objet &#8211;&nbsp;Arielle Dufour <\/p>\n\n\n\n<p class=\"has-text-align-center has-accent-color has-text-color\" style=\"font-size:18px\">Conception sc\u00e9nographique &#8211;&nbsp;Albert Huynh <\/p>\n\n\n\n<p class=\"has-text-align-center has-accent-color has-text-color\" style=\"font-size:18px\">R\u00e9gisseur technique &#8211;&nbsp;Albert Huynh <\/p>\n\n\n\n<p class=\"has-text-align-center has-accent-color has-text-color\" style=\"font-size:18px\">Technique cordage &#8211;&nbsp;Jorge Lorca &#8211; Albert Huynh &#8211; S\u00e9bastien Jolly <\/p>\n\n\n\n<p class=\"has-text-align-center has-accent-color has-text-color\" style=\"font-size:18px\">Partenaires &#8211;&nbsp;Pleins Feux &#8211; Scaramouche et Cie &#8211; KompleXKapharna\u00fcM <\/p>\n\n\n\n<p class=\"has-text-align-center has-primary-color has-text-color\" style=\"font-size:18px\">Spectacle Dehors<\/p>\n\n\n\n<p><\/p>\n\n\n\n<hr class=\"wp-block-separator alignwide has-text-color has-background has-white-background-color has-white-color\"\/>\n\n\n\n<hr class=\"wp-block-separator has-text-color has-background has-white-background-color has-white-color\"\/>\n\n\n\n<p class=\"has-text-align-center has-vivid-red-color has-text-color has-medium-font-size\">1er volet de notre trilogie sur le d\u00e9chet,<em> La d\u00e9charge<\/em> est aussi un essai sur le pouvoir et ses effets. Il est&nbsp;mis en lumi\u00e8re l\u2019insoutenable r\u00e9versibilit\u00e9 de l\u2019homme: Un jour bourreau, lendemain victime de son propre syst\u00e8me.&nbsp;<\/p>\n\n\n\n<p><\/p>\n\n\n\n<p><\/p>\n\n\n\n<p class=\"has-text-align-center has-medium-font-size\">Il y a le monde d\u2019en haut et il y a le monde d\u2019en bas. Deux univers distincts faisant partie d\u2019un monde au bord de l\u2019implosion.<\/p>\n\n\n\n<p class=\"has-text-align-center has-medium-font-size\">En haut, ce sont les bureaux d\u2019une administration scl\u00e9ros\u00e9e, un monde de la vitesse d\u00e9shabitu\u00e9 \u00e0 penser. On consomme et on jette, on paye et on ach\u00e8te.<\/p>\n\n\n\n<p class=\"has-text-align-center has-medium-font-size\">En&nbsp;bas,&nbsp;c\u2019est&nbsp;la&nbsp;d\u00e9charge,&nbsp;un&nbsp;monde&nbsp;dans&nbsp;lequel&nbsp;on&nbsp;se&nbsp;d\u00e9brouille,&nbsp;on&nbsp;recycle, on r\u00e9invente.Un \u00eatre,&nbsp;l\u2019Homo-D\u00e9tritus,&nbsp;bien&nbsp;d\u00e9termin\u00e9&nbsp;\u00e0&nbsp;d\u00e9fendre&nbsp;son&nbsp;territoire,&nbsp;est&nbsp;pr\u00eat&nbsp;\u00e0&nbsp;tout pour survivre. Un duel entre ciel et terre va&nbsp;s\u2019amorcer&nbsp;\u2026<\/p>\n\n\n\n<hr class=\"wp-block-separator has-text-color has-background has-white-background-color has-white-color\"\/>\n\n\n\n<hr class=\"wp-block-separator has-text-color has-background has-white-background-color has-white-color\"\/>\n\n\n\n<div class=\"wp-block-columns alignfull is-layout-flex wp-container-core-columns-layout-1 wp-block-columns-is-layout-flex\">\n<div class=\"wp-block-column is-vertically-aligned-center is-layout-flow wp-block-column-is-layout-flow\">\n<figure class=\"wp-block-image alignwide size-full is-style-default\"><img loading=\"lazy\" decoding=\"async\" width=\"850\" height=\"567\" src=\"http:\/\/icidedansdehors.art\/wp-content\/uploads\/2021\/10\/IMG_4378.jpg\" alt=\"\" class=\"wp-image-380\" srcset=\"https:\/\/icidedansdehors.art\/wp-content\/uploads\/2021\/10\/IMG_4378.jpg 850w, https:\/\/icidedansdehors.art\/wp-content\/uploads\/2021\/10\/IMG_4378-300x200.jpg 300w, https:\/\/icidedansdehors.art\/wp-content\/uploads\/2021\/10\/IMG_4378-768x512.jpg 768w\" sizes=\"(max-width: 850px) 100vw, 850px\" \/><\/figure>\n<\/div>\n\n\n\n<div class=\"wp-block-column is-vertically-aligned-center is-layout-flow wp-block-column-is-layout-flow\">\n<figure class=\"wp-block-image alignwide size-full is-style-default\"><img loading=\"lazy\" decoding=\"async\" width=\"850\" height=\"567\" src=\"http:\/\/icidedansdehors.art\/wp-content\/uploads\/2021\/10\/IMG_4672.jpg\" alt=\"\" class=\"wp-image-411\" srcset=\"https:\/\/icidedansdehors.art\/wp-content\/uploads\/2021\/10\/IMG_4672.jpg 850w, https:\/\/icidedansdehors.art\/wp-content\/uploads\/2021\/10\/IMG_4672-300x200.jpg 300w, https:\/\/icidedansdehors.art\/wp-content\/uploads\/2021\/10\/IMG_4672-768x512.jpg 768w\" sizes=\"(max-width: 850px) 100vw, 850px\" \/><\/figure>\n<\/div>\n<\/div>\n\n\n\n<hr class=\"wp-block-separator has-text-color has-background has-white-background-color has-white-color\"\/>\n\n\n\n<div class=\"wp-block-buttons is-content-justification-center is-layout-flex wp-block-buttons-is-layout-flex\">\n<div class=\"wp-block-button has-custom-font-size has-medium-font-size\"><a class=\"wp-block-button__link has-vivid-red-background-color has-background\" href=\"http:\/\/icidedansdehors.art\/wp-content\/uploads\/2021\/11\/la-decharge-Par-Albert.pdf\" target=\"_blank\" rel=\"noreferrer noopener\">LE DOSSIER<\/a><\/div>\n<\/div>\n\n\n\n<p><\/p>\n","protected":false},"excerpt":{"rendered":"<p>Cr\u00e9ation 2017 Texte original &#8211; Pierre Heitz Id\u00e9e originale &#8211; Jorge Lorca Direction de projet &#8211;&nbsp;Corinne Chevalier Mise en rue, en corps et en rythme &#8211;&nbsp;Jorge Lorca Chor\u00e9graphies &#8211;&nbsp;Jorge Lorca &#8211; S\u00e9bastien Jolly Travail sur l\u2019objet &#8211;&nbsp;Arielle Dufour Conception sc\u00e9nographique &#8211;&nbsp;Albert Huynh R\u00e9gisseur technique &#8211;&nbsp;Albert Huynh Technique cordage &#8211;&nbsp;Jorge Lorca &#8211; Albert Huynh &#8211; S\u00e9bastien [&hellip;]<\/p>\n","protected":false},"author":1,"featured_media":0,"parent":369,"menu_order":6,"comment_status":"closed","ping_status":"closed","template":"","meta":{"ocean_post_layout":"","ocean_both_sidebars_style":"","ocean_both_sidebars_content_width":0,"ocean_both_sidebars_sidebars_width":0,"ocean_sidebar":"0","ocean_second_sidebar":"0","ocean_disable_margins":"enable","ocean_add_body_class":"","ocean_shortcode_before_top_bar":"","ocean_shortcode_after_top_bar":"","ocean_shortcode_before_header":"","ocean_shortcode_after_header":"","ocean_has_shortcode":"","ocean_shortcode_after_title":"","ocean_shortcode_before_footer_widgets":"","ocean_shortcode_after_footer_widgets":"","ocean_shortcode_before_footer_bottom":"","ocean_shortcode_after_footer_bottom":"","ocean_display_top_bar":"default","ocean_display_header":"default","ocean_header_style":"","ocean_center_header_left_menu":"0","ocean_custom_header_template":"0","ocean_custom_logo":0,"ocean_custom_retina_logo":0,"ocean_custom_logo_max_width":0,"ocean_custom_logo_tablet_max_width":0,"ocean_custom_logo_mobile_max_width":0,"ocean_custom_logo_max_height":0,"ocean_custom_logo_tablet_max_height":0,"ocean_custom_logo_mobile_max_height":0,"ocean_header_custom_menu":"0","ocean_menu_typo_font_family":"0","ocean_menu_typo_font_subset":"","ocean_menu_typo_font_size":0,"ocean_menu_typo_font_size_tablet":0,"ocean_menu_typo_font_size_mobile":0,"ocean_menu_typo_font_size_unit":"px","ocean_menu_typo_font_weight":"","ocean_menu_typo_font_weight_tablet":"","ocean_menu_typo_font_weight_mobile":"","ocean_menu_typo_transform":"","ocean_menu_typo_transform_tablet":"","ocean_menu_typo_transform_mobile":"","ocean_menu_typo_line_height":0,"ocean_menu_typo_line_height_tablet":0,"ocean_menu_typo_line_height_mobile":0,"ocean_menu_typo_line_height_unit":"","ocean_menu_typo_spacing":0,"ocean_menu_typo_spacing_tablet":0,"ocean_menu_typo_spacing_mobile":0,"ocean_menu_typo_spacing_unit":"","ocean_menu_link_color":"","ocean_menu_link_color_hover":"","ocean_menu_link_color_active":"","ocean_menu_link_background":"","ocean_menu_link_hover_background":"","ocean_menu_link_active_background":"","ocean_menu_social_links_bg":"","ocean_menu_social_hover_links_bg":"","ocean_menu_social_links_color":"","ocean_menu_social_hover_links_color":"","ocean_disable_title":"on","ocean_disable_heading":"default","ocean_post_title":"","ocean_post_subheading":"","ocean_post_title_style":"","ocean_post_title_background_color":"","ocean_post_title_background":0,"ocean_post_title_bg_image_position":"","ocean_post_title_bg_image_attachment":"","ocean_post_title_bg_image_repeat":"","ocean_post_title_bg_image_size":"","ocean_post_title_height":0,"ocean_post_title_bg_overlay":0.5,"ocean_post_title_bg_overlay_color":"","ocean_disable_breadcrumbs":"default","ocean_breadcrumbs_color":"","ocean_breadcrumbs_separator_color":"","ocean_breadcrumbs_links_color":"","ocean_breadcrumbs_links_hover_color":"","ocean_display_footer_widgets":"default","ocean_display_footer_bottom":"default","ocean_custom_footer_template":"0","footnotes":""},"yoast_head":"<!-- This site is optimized with the Yoast SEO plugin v23.5 - https:\/\/yoast.com\/wordpress\/plugins\/seo\/ -->\n<title>La D\u00e9charge - ICI DEDANS DEHORS ZONE DE TURBULENCE - th\u00e9\u00e2tre indisciplin\u00e9<\/title>\n<meta name=\"robots\" content=\"index, follow, max-snippet:-1, max-image-preview:large, max-video-preview:-1\" \/>\n<link rel=\"canonical\" href=\"https:\/\/icidedansdehors.art\/index.php\/nos-spectacles-2\/la-decharge\/\" \/>\n<meta property=\"og:locale\" content=\"fr_FR\" \/>\n<meta property=\"og:type\" content=\"article\" \/>\n<meta property=\"og:title\" content=\"La D\u00e9charge - ICI DEDANS DEHORS ZONE DE TURBULENCE - th\u00e9\u00e2tre indisciplin\u00e9\" \/>\n<meta property=\"og:description\" content=\"Cr\u00e9ation 2017 Texte original &#8211; Pierre Heitz Id\u00e9e originale &#8211; Jorge Lorca Direction de projet &#8211;&nbsp;Corinne Chevalier Mise en rue, en corps et en rythme &#8211;&nbsp;Jorge Lorca Chor\u00e9graphies &#8211;&nbsp;Jorge Lorca &#8211; S\u00e9bastien Jolly Travail sur l\u2019objet &#8211;&nbsp;Arielle Dufour Conception sc\u00e9nographique &#8211;&nbsp;Albert Huynh R\u00e9gisseur technique &#8211;&nbsp;Albert Huynh Technique cordage &#8211;&nbsp;Jorge Lorca &#8211; Albert Huynh &#8211; S\u00e9bastien [&hellip;]\" \/>\n<meta property=\"og:url\" content=\"https:\/\/icidedansdehors.art\/index.php\/nos-spectacles-2\/la-decharge\/\" \/>\n<meta property=\"og:site_name\" content=\"ICI DEDANS DEHORS ZONE DE TURBULENCE - th\u00e9\u00e2tre indisciplin\u00e9\" \/>\n<meta property=\"article:publisher\" content=\"https:\/\/www.facebook.com\/pleins.feux.5\" \/>\n<meta property=\"article:modified_time\" content=\"2022-05-23T15:24:47+00:00\" \/>\n<meta property=\"og:image\" content=\"http:\/\/icidedansdehors.art\/wp-content\/uploads\/2021\/10\/IMG_4672.jpg\" \/>\n<meta name=\"twitter:card\" content=\"summary_large_image\" \/>\n<meta name=\"twitter:label1\" content=\"Dur\u00e9e de lecture estim\u00e9e\" \/>\n\t<meta name=\"twitter:data1\" content=\"1 minute\" \/>\n<script type=\"application\/ld+json\" class=\"yoast-schema-graph\">{\"@context\":\"https:\/\/schema.org\",\"@graph\":[{\"@type\":\"WebPage\",\"@id\":\"https:\/\/icidedansdehors.art\/index.php\/nos-spectacles-2\/la-decharge\/\",\"url\":\"https:\/\/icidedansdehors.art\/index.php\/nos-spectacles-2\/la-decharge\/\",\"name\":\"La D\u00e9charge - ICI DEDANS DEHORS ZONE DE TURBULENCE - th\u00e9\u00e2tre indisciplin\u00e9\",\"isPartOf\":{\"@id\":\"https:\/\/icidedansdehors.art\/#website\"},\"primaryImageOfPage\":{\"@id\":\"https:\/\/icidedansdehors.art\/index.php\/nos-spectacles-2\/la-decharge\/#primaryimage\"},\"image\":{\"@id\":\"https:\/\/icidedansdehors.art\/index.php\/nos-spectacles-2\/la-decharge\/#primaryimage\"},\"thumbnailUrl\":\"http:\/\/icidedansdehors.art\/wp-content\/uploads\/2021\/10\/IMG_4672.jpg\",\"datePublished\":\"2021-09-24T12:25:41+00:00\",\"dateModified\":\"2022-05-23T15:24:47+00:00\",\"breadcrumb\":{\"@id\":\"https:\/\/icidedansdehors.art\/index.php\/nos-spectacles-2\/la-decharge\/#breadcrumb\"},\"inLanguage\":\"fr-FR\",\"potentialAction\":[{\"@type\":\"ReadAction\",\"target\":[\"https:\/\/icidedansdehors.art\/index.php\/nos-spectacles-2\/la-decharge\/\"]}]},{\"@type\":\"ImageObject\",\"inLanguage\":\"fr-FR\",\"@id\":\"https:\/\/icidedansdehors.art\/index.php\/nos-spectacles-2\/la-decharge\/#primaryimage\",\"url\":\"https:\/\/icidedansdehors.art\/wp-content\/uploads\/2021\/10\/IMG_4672.jpg\",\"contentUrl\":\"https:\/\/icidedansdehors.art\/wp-content\/uploads\/2021\/10\/IMG_4672.jpg\",\"width\":850,\"height\":567,\"caption\":\"La D\u00e9charge\"},{\"@type\":\"BreadcrumbList\",\"@id\":\"https:\/\/icidedansdehors.art\/index.php\/nos-spectacles-2\/la-decharge\/#breadcrumb\",\"itemListElement\":[{\"@type\":\"ListItem\",\"position\":1,\"name\":\"Accueil\",\"item\":\"https:\/\/icidedansdehors.art\/\"},{\"@type\":\"ListItem\",\"position\":2,\"name\":\"Nos spectacles\",\"item\":\"https:\/\/icidedansdehors.art\/index.php\/nos-spectacles-2\/\"},{\"@type\":\"ListItem\",\"position\":3,\"name\":\"La D\u00e9charge\"}]},{\"@type\":\"WebSite\",\"@id\":\"https:\/\/icidedansdehors.art\/#website\",\"url\":\"https:\/\/icidedansdehors.art\/\",\"name\":\"ICI DEDANS DEHORS ZONE DE TURBULENCE - th\u00e9\u00e2tre indisciplin\u00e9\",\"description\":\"Compagnie de th\u00e9\u00e2tre indisciplin\u00e9e\",\"publisher\":{\"@id\":\"https:\/\/icidedansdehors.art\/#organization\"},\"potentialAction\":[{\"@type\":\"SearchAction\",\"target\":{\"@type\":\"EntryPoint\",\"urlTemplate\":\"https:\/\/icidedansdehors.art\/?s={search_term_string}\"},\"query-input\":{\"@type\":\"PropertyValueSpecification\",\"valueRequired\":true,\"valueName\":\"search_term_string\"}}],\"inLanguage\":\"fr-FR\"},{\"@type\":\"Organization\",\"@id\":\"https:\/\/icidedansdehors.art\/#organization\",\"name\":\"ICI DEDANS DEHORS ZONE DE TURBULENCE - th\u00e9\u00e2tre indisciplin\u00e9\",\"url\":\"https:\/\/icidedansdehors.art\/\",\"logo\":{\"@type\":\"ImageObject\",\"inLanguage\":\"fr-FR\",\"@id\":\"https:\/\/icidedansdehors.art\/#\/schema\/logo\/image\/\",\"url\":\"https:\/\/icidedansdehors.art\/wp-content\/uploads\/2023\/01\/cropped-Logo-IDDZT-2023-scaled-2.jpg\",\"contentUrl\":\"https:\/\/icidedansdehors.art\/wp-content\/uploads\/2023\/01\/cropped-Logo-IDDZT-2023-scaled-2.jpg\",\"width\":2219,\"height\":1478,\"caption\":\"ICI DEDANS DEHORS ZONE DE TURBULENCE - th\u00e9\u00e2tre indisciplin\u00e9\"},\"image\":{\"@id\":\"https:\/\/icidedansdehors.art\/#\/schema\/logo\/image\/\"},\"sameAs\":[\"https:\/\/www.facebook.com\/pleins.feux.5\"]}]}<\/script>\n<!-- \/ Yoast SEO plugin. -->","yoast_head_json":{"title":"La D\u00e9charge - ICI DEDANS DEHORS ZONE DE TURBULENCE - th\u00e9\u00e2tre indisciplin\u00e9","robots":{"index":"index","follow":"follow","max-snippet":"max-snippet:-1","max-image-preview":"max-image-preview:large","max-video-preview":"max-video-preview:-1"},"canonical":"https:\/\/icidedansdehors.art\/index.php\/nos-spectacles-2\/la-decharge\/","og_locale":"fr_FR","og_type":"article","og_title":"La D\u00e9charge - ICI DEDANS DEHORS ZONE DE TURBULENCE - th\u00e9\u00e2tre indisciplin\u00e9","og_description":"Cr\u00e9ation 2017 Texte original &#8211; Pierre Heitz Id\u00e9e originale &#8211; Jorge Lorca Direction de projet &#8211;&nbsp;Corinne Chevalier Mise en rue, en corps et en rythme &#8211;&nbsp;Jorge Lorca Chor\u00e9graphies &#8211;&nbsp;Jorge Lorca &#8211; S\u00e9bastien Jolly Travail sur l\u2019objet &#8211;&nbsp;Arielle Dufour Conception sc\u00e9nographique &#8211;&nbsp;Albert Huynh R\u00e9gisseur technique &#8211;&nbsp;Albert Huynh Technique cordage &#8211;&nbsp;Jorge Lorca &#8211; Albert Huynh &#8211; S\u00e9bastien [&hellip;]","og_url":"https:\/\/icidedansdehors.art\/index.php\/nos-spectacles-2\/la-decharge\/","og_site_name":"ICI DEDANS DEHORS ZONE DE TURBULENCE - th\u00e9\u00e2tre indisciplin\u00e9","article_publisher":"https:\/\/www.facebook.com\/pleins.feux.5","article_modified_time":"2022-05-23T15:24:47+00:00","og_image":[{"url":"http:\/\/icidedansdehors.art\/wp-content\/uploads\/2021\/10\/IMG_4672.jpg"}],"twitter_card":"summary_large_image","twitter_misc":{"Dur\u00e9e de lecture estim\u00e9e":"1 minute"},"schema":{"@context":"https:\/\/schema.org","@graph":[{"@type":"WebPage","@id":"https:\/\/icidedansdehors.art\/index.php\/nos-spectacles-2\/la-decharge\/","url":"https:\/\/icidedansdehors.art\/index.php\/nos-spectacles-2\/la-decharge\/","name":"La D\u00e9charge - ICI DEDANS DEHORS ZONE DE TURBULENCE - th\u00e9\u00e2tre indisciplin\u00e9","isPartOf":{"@id":"https:\/\/icidedansdehors.art\/#website"},"primaryImageOfPage":{"@id":"https:\/\/icidedansdehors.art\/index.php\/nos-spectacles-2\/la-decharge\/#primaryimage"},"image":{"@id":"https:\/\/icidedansdehors.art\/index.php\/nos-spectacles-2\/la-decharge\/#primaryimage"},"thumbnailUrl":"http:\/\/icidedansdehors.art\/wp-content\/uploads\/2021\/10\/IMG_4672.jpg","datePublished":"2021-09-24T12:25:41+00:00","dateModified":"2022-05-23T15:24:47+00:00","breadcrumb":{"@id":"https:\/\/icidedansdehors.art\/index.php\/nos-spectacles-2\/la-decharge\/#breadcrumb"},"inLanguage":"fr-FR","potentialAction":[{"@type":"ReadAction","target":["https:\/\/icidedansdehors.art\/index.php\/nos-spectacles-2\/la-decharge\/"]}]},{"@type":"ImageObject","inLanguage":"fr-FR","@id":"https:\/\/icidedansdehors.art\/index.php\/nos-spectacles-2\/la-decharge\/#primaryimage","url":"https:\/\/icidedansdehors.art\/wp-content\/uploads\/2021\/10\/IMG_4672.jpg","contentUrl":"https:\/\/icidedansdehors.art\/wp-content\/uploads\/2021\/10\/IMG_4672.jpg","width":850,"height":567,"caption":"La D\u00e9charge"},{"@type":"BreadcrumbList","@id":"https:\/\/icidedansdehors.art\/index.php\/nos-spectacles-2\/la-decharge\/#breadcrumb","itemListElement":[{"@type":"ListItem","position":1,"name":"Accueil","item":"https:\/\/icidedansdehors.art\/"},{"@type":"ListItem","position":2,"name":"Nos spectacles","item":"https:\/\/icidedansdehors.art\/index.php\/nos-spectacles-2\/"},{"@type":"ListItem","position":3,"name":"La D\u00e9charge"}]},{"@type":"WebSite","@id":"https:\/\/icidedansdehors.art\/#website","url":"https:\/\/icidedansdehors.art\/","name":"ICI DEDANS DEHORS ZONE DE TURBULENCE - th\u00e9\u00e2tre indisciplin\u00e9","description":"Compagnie de th\u00e9\u00e2tre indisciplin\u00e9e","publisher":{"@id":"https:\/\/icidedansdehors.art\/#organization"},"potentialAction":[{"@type":"SearchAction","target":{"@type":"EntryPoint","urlTemplate":"https:\/\/icidedansdehors.art\/?s={search_term_string}"},"query-input":{"@type":"PropertyValueSpecification","valueRequired":true,"valueName":"search_term_string"}}],"inLanguage":"fr-FR"},{"@type":"Organization","@id":"https:\/\/icidedansdehors.art\/#organization","name":"ICI DEDANS DEHORS ZONE DE TURBULENCE - th\u00e9\u00e2tre indisciplin\u00e9","url":"https:\/\/icidedansdehors.art\/","logo":{"@type":"ImageObject","inLanguage":"fr-FR","@id":"https:\/\/icidedansdehors.art\/#\/schema\/logo\/image\/","url":"https:\/\/icidedansdehors.art\/wp-content\/uploads\/2023\/01\/cropped-Logo-IDDZT-2023-scaled-2.jpg","contentUrl":"https:\/\/icidedansdehors.art\/wp-content\/uploads\/2023\/01\/cropped-Logo-IDDZT-2023-scaled-2.jpg","width":2219,"height":1478,"caption":"ICI DEDANS DEHORS ZONE DE TURBULENCE - th\u00e9\u00e2tre indisciplin\u00e9"},"image":{"@id":"https:\/\/icidedansdehors.art\/#\/schema\/logo\/image\/"},"sameAs":["https:\/\/www.facebook.com\/pleins.feux.5"]}]}},"_links":{"self":[{"href":"https:\/\/icidedansdehors.art\/index.php\/wp-json\/wp\/v2\/pages\/139"}],"collection":[{"href":"https:\/\/icidedansdehors.art\/index.php\/wp-json\/wp\/v2\/pages"}],"about":[{"href":"https:\/\/icidedansdehors.art\/index.php\/wp-json\/wp\/v2\/types\/page"}],"author":[{"embeddable":true,"href":"https:\/\/icidedansdehors.art\/index.php\/wp-json\/wp\/v2\/users\/1"}],"replies":[{"embeddable":true,"href":"https:\/\/icidedansdehors.art\/index.php\/wp-json\/wp\/v2\/comments?post=139"}],"version-history":[{"count":17,"href":"https:\/\/icidedansdehors.art\/index.php\/wp-json\/wp\/v2\/pages\/139\/revisions"}],"predecessor-version":[{"id":1508,"href":"https:\/\/icidedansdehors.art\/index.php\/wp-json\/wp\/v2\/pages\/139\/revisions\/1508"}],"up":[{"embeddable":true,"href":"https:\/\/icidedansdehors.art\/index.php\/wp-json\/wp\/v2\/pages\/369"}],"wp:attachment":[{"href":"https:\/\/icidedansdehors.art\/index.php\/wp-json\/wp\/v2\/media?parent=139"}],"curies":[{"name":"wp","href":"https:\/\/api.w.org\/{rel}","templated":true}]}}