{"id":149,"date":"2021-09-24T14:33:43","date_gmt":"2021-09-24T12:33:43","guid":{"rendered":"http:\/\/icidedansdehors.art\/?page_id=149"},"modified":"2023-02-23T16:19:22","modified_gmt":"2023-02-23T15:19:22","slug":"nos-actus","status":"publish","type":"page","link":"https:\/\/icidedansdehors.art\/index.php\/nos-actus\/","title":{"rendered":"NOS ACTUS"},"content":{"rendered":"\n<div class=\"wp-block-group is-layout-flow wp-block-group-is-layout-flow\"><div class=\"wp-block-group__inner-container\">\n<div class=\"wp-block-columns are-vertically-aligned-center is-layout-flex wp-container-core-columns-layout-1 wp-block-columns-is-layout-flex\">\n<div class=\"wp-block-column is-vertically-aligned-center is-layout-flow wp-block-column-is-layout-flow\" style=\"flex-basis:100%\">\n<div class=\"wp-block-group alignwide has-black-color has-text-color is-layout-flow wp-block-group-is-layout-flow\"><div class=\"wp-block-group__inner-container\">\n<p class=\"has-text-align-center has-medium-font-size\"><em>Retrouvez tous les spectacles produits par la compagnie en cr\u00e9ation ou en diffusion actuellement.<\/em><\/p>\n<\/div><\/div>\n\n\n\n<p><\/p>\n<\/div>\n<\/div>\n<\/div><\/div>\n\n\n\n<div class=\"wp-block-media-text alignfull is-stacked-on-mobile\"><figure class=\"wp-block-media-text__media\"><img loading=\"lazy\" decoding=\"async\" width=\"900\" height=\"675\" src=\"https:\/\/icidedansdehors.art\/wp-content\/uploads\/2022\/05\/2022-03-01-10-28-00_08....multimediaarticles2022021715521203ThameurMejriTheEyeoftheBeholder2020-1.jpg\" alt=\"Tableau de Tameur Mejri\" class=\"wp-image-1471 size-full\" srcset=\"https:\/\/icidedansdehors.art\/wp-content\/uploads\/2022\/05\/2022-03-01-10-28-00_08....multimediaarticles2022021715521203ThameurMejriTheEyeoftheBeholder2020-1.jpg 900w, https:\/\/icidedansdehors.art\/wp-content\/uploads\/2022\/05\/2022-03-01-10-28-00_08....multimediaarticles2022021715521203ThameurMejriTheEyeoftheBeholder2020-1-300x225.jpg 300w, https:\/\/icidedansdehors.art\/wp-content\/uploads\/2022\/05\/2022-03-01-10-28-00_08....multimediaarticles2022021715521203ThameurMejriTheEyeoftheBeholder2020-1-768x576.jpg 768w\" sizes=\"(max-width: 900px) 100vw, 900px\" \/><\/figure><div class=\"wp-block-media-text__content\">\n<p class=\"has-text-align-center has-large-font-size\">INCIDENCES<\/p>\n\n\n\n<p class=\"has-text-align-center\" style=\"font-size:18px\">Spectacle en cours d\u2019\u00e9criture,<em> <\/em>Incidences est un projet qui se nourrit des t\u00e9moignages Edicto, Brigitte, Yacine, Nasrin, Ghaith, Mehmet, Lou, Farid\u2026. Un hymne au courage, \u00e0 la r\u00e9sistance et \u00e0 la libert\u00e9.<\/p>\n\n\n\n<div class=\"wp-block-buttons is-horizontal is-content-justification-center is-layout-flex wp-container-core-buttons-layout-1 wp-block-buttons-is-layout-flex\">\n<div class=\"wp-block-button has-custom-width wp-block-button__width-50 has-custom-font-size is-style-outline has-medium-font-size\"><a class=\"wp-block-button__link has-primary-color has-vivid-red-background-color has-text-color has-background wp-element-button\" href=\"https:\/\/icidedansdehors.art\/index.php\/incidences\/\">D\u00c9COUVRIR<\/a><\/div>\n<\/div>\n\n\n\n<p><\/p>\n<\/div><\/div>\n\n\n\n<hr class=\"wp-block-separator has-text-color has-white-color has-css-opacity has-white-background-color has-background\"\/>\n\n\n\n<div class=\"wp-block-media-text alignfull has-media-on-the-right is-stacked-on-mobile\"><div class=\"wp-block-media-text__content\">\n<p class=\"has-text-align-center has-large-font-size\">LE SENS DE LA VIE<\/p>\n\n\n\n<p class=\"has-text-align-center\" style=\"font-size:18px\">Cr\u00e9ation 2021 pour l\u2019espace public et lieux alternatifs,<em> Le sens de la vie <\/em>nous donne \u00e0 voir des destin\u00e9s qui n\u2019auraient pas d\u00fb se croiser. Des histoires d\u2019amour improbables, des histoires de vie aux antipodes l\u2019une de l\u2019autre et une toile qui se tisse comme un lien fragile. Le sens de la vie raconte ce qui transcende nos diff\u00e9rences, ce qui nous relie \u00e0 l\u2019autre et nous chamboule dans un m\u00e9lange subtil de th\u00e9\u00e2tre et de tango argentin.<\/p>\n\n\n\n<div class=\"wp-block-buttons is-horizontal is-content-justification-center is-layout-flex wp-container-core-buttons-layout-2 wp-block-buttons-is-layout-flex\">\n<div class=\"wp-block-button has-custom-width wp-block-button__width-50 has-custom-font-size is-style-outline has-medium-font-size\"><a class=\"wp-block-button__link has-primary-color has-vivid-red-background-color has-text-color has-background wp-element-button\" href=\"https:\/\/icidedansdehors.art\/?page_id=295\">D\u00c9COUVRIR<\/a><\/div>\n<\/div>\n<\/div><figure class=\"wp-block-media-text__media\"><img loading=\"lazy\" decoding=\"async\" width=\"850\" height=\"576\" src=\"http:\/\/icidedansdehors.art\/wp-content\/uploads\/2021\/10\/PHOTO-2021-10-27-17-55-33-1.jpeg\" alt=\"\" class=\"wp-image-827 size-full\" srcset=\"https:\/\/icidedansdehors.art\/wp-content\/uploads\/2021\/10\/PHOTO-2021-10-27-17-55-33-1.jpeg 850w, https:\/\/icidedansdehors.art\/wp-content\/uploads\/2021\/10\/PHOTO-2021-10-27-17-55-33-1-300x203.jpeg 300w, https:\/\/icidedansdehors.art\/wp-content\/uploads\/2021\/10\/PHOTO-2021-10-27-17-55-33-1-768x520.jpeg 768w\" sizes=\"(max-width: 850px) 100vw, 850px\" \/><\/figure><\/div>\n\n\n\n<hr class=\"wp-block-separator has-text-color has-white-color has-css-opacity has-white-background-color has-background\"\/>\n\n\n\n<div class=\"wp-block-media-text alignfull is-stacked-on-mobile\"><figure class=\"wp-block-media-text__media\"><img loading=\"lazy\" decoding=\"async\" width=\"1024\" height=\"683\" src=\"http:\/\/icidedansdehors.art\/wp-content\/uploads\/2021\/10\/IMG_7011-1024x683.png\" alt=\"\" class=\"wp-image-449 size-full\" srcset=\"https:\/\/icidedansdehors.art\/wp-content\/uploads\/2021\/10\/IMG_7011-1024x683.png 1024w, https:\/\/icidedansdehors.art\/wp-content\/uploads\/2021\/10\/IMG_7011-300x200.png 300w, https:\/\/icidedansdehors.art\/wp-content\/uploads\/2021\/10\/IMG_7011-768x512.png 768w, https:\/\/icidedansdehors.art\/wp-content\/uploads\/2021\/10\/IMG_7011-1536x1024.png 1536w, https:\/\/icidedansdehors.art\/wp-content\/uploads\/2021\/10\/IMG_7011-2048x1365.png 2048w, https:\/\/icidedansdehors.art\/wp-content\/uploads\/2021\/10\/IMG_7011-1200x800.png 1200w, https:\/\/icidedansdehors.art\/wp-content\/uploads\/2021\/10\/IMG_7011-1980x1320.png 1980w\" sizes=\"(max-width: 1024px) 100vw, 1024px\" \/><\/figure><div class=\"wp-block-media-text__content\">\n<p class=\"has-text-align-center has-large-font-size\">LES TRIEURS<\/p>\n\n\n\n<p class=\"has-text-align-center\" style=\"font-size:18px\"><em>Les Trieurs <\/em>est le deuxi\u00e8me volet de notre trilogie&nbsp;qui raconte le d\u00e9chet. Un d\u00e9chet dans tous ses \u00e9tats, phagocytant deux personnages clownesques et un peu fous charg\u00e9s de porter, de d\u00e9placer et de faire disparaitre le d\u00e9chet disgracieux.<\/p>\n\n\n\n<div class=\"wp-block-buttons is-horizontal is-content-justification-center is-layout-flex wp-container-core-buttons-layout-3 wp-block-buttons-is-layout-flex\">\n<div class=\"wp-block-button has-custom-width wp-block-button__width-50 has-custom-font-size is-style-outline has-medium-font-size\"><a class=\"wp-block-button__link has-primary-color has-vivid-red-background-color has-text-color has-background wp-element-button\" href=\"https:\/\/icidedansdehors.art\/index.php\/nos-spectacles-2\/les-trieurs\/\">D\u00c9COUVRIR<\/a><\/div>\n<\/div>\n<\/div><\/div>\n\n\n\n<hr class=\"wp-block-separator has-text-color has-white-color has-css-opacity has-white-background-color has-background\"\/>\n\n\n\n<div class=\"wp-block-media-text alignfull has-media-on-the-right is-stacked-on-mobile\"><div class=\"wp-block-media-text__content\">\n<p class=\"has-text-align-center has-large-font-size\">\u00c7A D\u00c9BORDE !<\/p>\n\n\n\n<p class=\"has-text-align-center\" style=\"font-size:18px\"><em>\u00c7a d\u00e9borde !&nbsp;&nbsp;<\/em>a \u00e9t\u00e9 con\u00e7u pour l\u2019espace public, c\u2019est le troisi\u00e8me volet de notre trilogie qui raconte le d\u00e9chet. Ce spectacle immersif et participatif fait intervenir les habitants d\u2019un quartier dans le processus de cr\u00e9ation.<\/p>\n\n\n\n<div class=\"wp-block-buttons is-horizontal is-content-justification-center is-layout-flex wp-container-core-buttons-layout-4 wp-block-buttons-is-layout-flex\">\n<div class=\"wp-block-button has-custom-width wp-block-button__width-50 has-custom-font-size is-style-outline has-medium-font-size\"><a class=\"wp-block-button__link has-primary-color has-vivid-red-background-color has-text-color has-background wp-element-button\" href=\"http:\/\/icidedansdehors.art\/index.php\/nos-spectacles-2\/ca-deborde\/\">D\u00c9COUVRIR<\/a><\/div>\n<\/div>\n<\/div><figure class=\"wp-block-media-text__media\"><img loading=\"lazy\" decoding=\"async\" width=\"1024\" height=\"576\" src=\"http:\/\/icidedansdehors.art\/wp-content\/uploads\/2021\/10\/Nouveau-film-4-36.Film_Instantane-1024x576.jpg\" alt=\"\" class=\"wp-image-398 size-full\" srcset=\"https:\/\/icidedansdehors.art\/wp-content\/uploads\/2021\/10\/Nouveau-film-4-36.Film_Instantane-1024x576.jpg 1024w, https:\/\/icidedansdehors.art\/wp-content\/uploads\/2021\/10\/Nouveau-film-4-36.Film_Instantane-300x169.jpg 300w, https:\/\/icidedansdehors.art\/wp-content\/uploads\/2021\/10\/Nouveau-film-4-36.Film_Instantane-768x432.jpg 768w, https:\/\/icidedansdehors.art\/wp-content\/uploads\/2021\/10\/Nouveau-film-4-36.Film_Instantane-1536x864.jpg 1536w, https:\/\/icidedansdehors.art\/wp-content\/uploads\/2021\/10\/Nouveau-film-4-36.Film_Instantane-1200x675.jpg 1200w, https:\/\/icidedansdehors.art\/wp-content\/uploads\/2021\/10\/Nouveau-film-4-36.Film_Instantane.jpg 1920w\" sizes=\"(max-width: 1024px) 100vw, 1024px\" \/><\/figure><\/div>\n\n\n\n<p><\/p>\n","protected":false},"excerpt":{"rendered":"<p>Retrouvez tous les spectacles produits par la compagnie en cr\u00e9ation ou en diffusion actuellement.<\/p>\n","protected":false},"author":1,"featured_media":0,"parent":0,"menu_order":0,"comment_status":"closed","ping_status":"closed","template":"","meta":{"ocean_post_layout":"","ocean_both_sidebars_style":"","ocean_both_sidebars_content_width":0,"ocean_both_sidebars_sidebars_width":0,"ocean_sidebar":"0","ocean_second_sidebar":"0","ocean_disable_margins":"enable","ocean_add_body_class":"","ocean_shortcode_before_top_bar":"","ocean_shortcode_after_top_bar":"","ocean_shortcode_before_header":"","ocean_shortcode_after_header":"","ocean_has_shortcode":"","ocean_shortcode_after_title":"","ocean_shortcode_before_footer_widgets":"","ocean_shortcode_after_footer_widgets":"","ocean_shortcode_before_footer_bottom":"","ocean_shortcode_after_footer_bottom":"","ocean_display_top_bar":"default","ocean_display_header":"default","ocean_header_style":"","ocean_center_header_left_menu":"0","ocean_custom_header_template":"0","ocean_custom_logo":0,"ocean_custom_retina_logo":0,"ocean_custom_logo_max_width":0,"ocean_custom_logo_tablet_max_width":0,"ocean_custom_logo_mobile_max_width":0,"ocean_custom_logo_max_height":0,"ocean_custom_logo_tablet_max_height":0,"ocean_custom_logo_mobile_max_height":0,"ocean_header_custom_menu":"0","ocean_menu_typo_font_family":"0","ocean_menu_typo_font_subset":"","ocean_menu_typo_font_size":0,"ocean_menu_typo_font_size_tablet":0,"ocean_menu_typo_font_size_mobile":0,"ocean_menu_typo_font_size_unit":"px","ocean_menu_typo_font_weight":"","ocean_menu_typo_font_weight_tablet":"","ocean_menu_typo_font_weight_mobile":"","ocean_menu_typo_transform":"","ocean_menu_typo_transform_tablet":"","ocean_menu_typo_transform_mobile":"","ocean_menu_typo_line_height":0,"ocean_menu_typo_line_height_tablet":0,"ocean_menu_typo_line_height_mobile":0,"ocean_menu_typo_line_height_unit":"","ocean_menu_typo_spacing":0,"ocean_menu_typo_spacing_tablet":0,"ocean_menu_typo_spacing_mobile":0,"ocean_menu_typo_spacing_unit":"","ocean_menu_link_color":"","ocean_menu_link_color_hover":"","ocean_menu_link_color_active":"","ocean_menu_link_background":"","ocean_menu_link_hover_background":"","ocean_menu_link_active_background":"","ocean_menu_social_links_bg":"","ocean_menu_social_hover_links_bg":"","ocean_menu_social_links_color":"","ocean_menu_social_hover_links_color":"","ocean_disable_title":"default","ocean_disable_heading":"default","ocean_post_title":"","ocean_post_subheading":"","ocean_post_title_style":"","ocean_post_title_background_color":"","ocean_post_title_background":0,"ocean_post_title_bg_image_position":"","ocean_post_title_bg_image_attachment":"","ocean_post_title_bg_image_repeat":"","ocean_post_title_bg_image_size":"","ocean_post_title_height":0,"ocean_post_title_bg_overlay":0.5,"ocean_post_title_bg_overlay_color":"","ocean_disable_breadcrumbs":"default","ocean_breadcrumbs_color":"","ocean_breadcrumbs_separator_color":"","ocean_breadcrumbs_links_color":"","ocean_breadcrumbs_links_hover_color":"","ocean_display_footer_widgets":"default","ocean_display_footer_bottom":"default","ocean_custom_footer_template":"0","footnotes":""},"yoast_head":"<!-- This site is optimized with the Yoast SEO plugin v23.5 - https:\/\/yoast.com\/wordpress\/plugins\/seo\/ -->\n<title>NOS ACTUS - ICI DEDANS DEHORS ZONE DE TURBULENCE - th\u00e9\u00e2tre indisciplin\u00e9<\/title>\n<meta name=\"robots\" content=\"index, follow, max-snippet:-1, max-image-preview:large, max-video-preview:-1\" \/>\n<link rel=\"canonical\" href=\"https:\/\/icidedansdehors.art\/index.php\/nos-actus\/\" \/>\n<meta property=\"og:locale\" content=\"fr_FR\" \/>\n<meta property=\"og:type\" content=\"article\" \/>\n<meta property=\"og:title\" content=\"NOS ACTUS - ICI DEDANS DEHORS ZONE DE TURBULENCE - th\u00e9\u00e2tre indisciplin\u00e9\" \/>\n<meta property=\"og:description\" content=\"Retrouvez tous les spectacles produits par la compagnie en cr\u00e9ation ou en diffusion actuellement.\" \/>\n<meta property=\"og:url\" content=\"https:\/\/icidedansdehors.art\/index.php\/nos-actus\/\" \/>\n<meta property=\"og:site_name\" content=\"ICI DEDANS DEHORS ZONE DE TURBULENCE - th\u00e9\u00e2tre indisciplin\u00e9\" \/>\n<meta property=\"article:publisher\" content=\"https:\/\/www.facebook.com\/pleins.feux.5\" \/>\n<meta property=\"article:modified_time\" content=\"2023-02-23T15:19:22+00:00\" \/>\n<meta property=\"og:image\" content=\"https:\/\/icidedansdehors.art\/wp-content\/uploads\/2022\/05\/2022-03-01-10-28-00_08....multimediaarticles2022021715521203ThameurMejriTheEyeoftheBeholder2020-1.jpg\" \/>\n<meta name=\"twitter:card\" content=\"summary_large_image\" \/>\n<meta name=\"twitter:label1\" content=\"Dur\u00e9e de lecture estim\u00e9e\" \/>\n\t<meta name=\"twitter:data1\" content=\"2 minutes\" \/>\n<script type=\"application\/ld+json\" class=\"yoast-schema-graph\">{\"@context\":\"https:\/\/schema.org\",\"@graph\":[{\"@type\":\"WebPage\",\"@id\":\"https:\/\/icidedansdehors.art\/index.php\/nos-actus\/\",\"url\":\"https:\/\/icidedansdehors.art\/index.php\/nos-actus\/\",\"name\":\"NOS ACTUS - ICI DEDANS DEHORS ZONE DE TURBULENCE - th\u00e9\u00e2tre indisciplin\u00e9\",\"isPartOf\":{\"@id\":\"https:\/\/icidedansdehors.art\/#website\"},\"primaryImageOfPage\":{\"@id\":\"https:\/\/icidedansdehors.art\/index.php\/nos-actus\/#primaryimage\"},\"image\":{\"@id\":\"https:\/\/icidedansdehors.art\/index.php\/nos-actus\/#primaryimage\"},\"thumbnailUrl\":\"https:\/\/icidedansdehors.art\/wp-content\/uploads\/2022\/05\/2022-03-01-10-28-00_08....multimediaarticles2022021715521203ThameurMejriTheEyeoftheBeholder2020-1.jpg\",\"datePublished\":\"2021-09-24T12:33:43+00:00\",\"dateModified\":\"2023-02-23T15:19:22+00:00\",\"breadcrumb\":{\"@id\":\"https:\/\/icidedansdehors.art\/index.php\/nos-actus\/#breadcrumb\"},\"inLanguage\":\"fr-FR\",\"potentialAction\":[{\"@type\":\"ReadAction\",\"target\":[\"https:\/\/icidedansdehors.art\/index.php\/nos-actus\/\"]}]},{\"@type\":\"ImageObject\",\"inLanguage\":\"fr-FR\",\"@id\":\"https:\/\/icidedansdehors.art\/index.php\/nos-actus\/#primaryimage\",\"url\":\"https:\/\/icidedansdehors.art\/wp-content\/uploads\/2022\/05\/2022-03-01-10-28-00_08....multimediaarticles2022021715521203ThameurMejriTheEyeoftheBeholder2020-1.jpg\",\"contentUrl\":\"https:\/\/icidedansdehors.art\/wp-content\/uploads\/2022\/05\/2022-03-01-10-28-00_08....multimediaarticles2022021715521203ThameurMejriTheEyeoftheBeholder2020-1.jpg\",\"width\":900,\"height\":675},{\"@type\":\"BreadcrumbList\",\"@id\":\"https:\/\/icidedansdehors.art\/index.php\/nos-actus\/#breadcrumb\",\"itemListElement\":[{\"@type\":\"ListItem\",\"position\":1,\"name\":\"Accueil\",\"item\":\"https:\/\/icidedansdehors.art\/\"},{\"@type\":\"ListItem\",\"position\":2,\"name\":\"NOS ACTUS\"}]},{\"@type\":\"WebSite\",\"@id\":\"https:\/\/icidedansdehors.art\/#website\",\"url\":\"https:\/\/icidedansdehors.art\/\",\"name\":\"ICI DEDANS DEHORS ZONE DE TURBULENCE - th\u00e9\u00e2tre indisciplin\u00e9\",\"description\":\"Compagnie de th\u00e9\u00e2tre indisciplin\u00e9e\",\"publisher\":{\"@id\":\"https:\/\/icidedansdehors.art\/#organization\"},\"potentialAction\":[{\"@type\":\"SearchAction\",\"target\":{\"@type\":\"EntryPoint\",\"urlTemplate\":\"https:\/\/icidedansdehors.art\/?s={search_term_string}\"},\"query-input\":{\"@type\":\"PropertyValueSpecification\",\"valueRequired\":true,\"valueName\":\"search_term_string\"}}],\"inLanguage\":\"fr-FR\"},{\"@type\":\"Organization\",\"@id\":\"https:\/\/icidedansdehors.art\/#organization\",\"name\":\"ICI DEDANS DEHORS ZONE DE TURBULENCE - th\u00e9\u00e2tre indisciplin\u00e9\",\"url\":\"https:\/\/icidedansdehors.art\/\",\"logo\":{\"@type\":\"ImageObject\",\"inLanguage\":\"fr-FR\",\"@id\":\"https:\/\/icidedansdehors.art\/#\/schema\/logo\/image\/\",\"url\":\"https:\/\/icidedansdehors.art\/wp-content\/uploads\/2023\/01\/cropped-Logo-IDDZT-2023-scaled-2.jpg\",\"contentUrl\":\"https:\/\/icidedansdehors.art\/wp-content\/uploads\/2023\/01\/cropped-Logo-IDDZT-2023-scaled-2.jpg\",\"width\":2219,\"height\":1478,\"caption\":\"ICI DEDANS DEHORS ZONE DE TURBULENCE - th\u00e9\u00e2tre indisciplin\u00e9\"},\"image\":{\"@id\":\"https:\/\/icidedansdehors.art\/#\/schema\/logo\/image\/\"},\"sameAs\":[\"https:\/\/www.facebook.com\/pleins.feux.5\"]}]}<\/script>\n<!-- \/ Yoast SEO plugin. -->","yoast_head_json":{"title":"NOS ACTUS - ICI DEDANS DEHORS ZONE DE TURBULENCE - th\u00e9\u00e2tre indisciplin\u00e9","robots":{"index":"index","follow":"follow","max-snippet":"max-snippet:-1","max-image-preview":"max-image-preview:large","max-video-preview":"max-video-preview:-1"},"canonical":"https:\/\/icidedansdehors.art\/index.php\/nos-actus\/","og_locale":"fr_FR","og_type":"article","og_title":"NOS ACTUS - ICI DEDANS DEHORS ZONE DE TURBULENCE - th\u00e9\u00e2tre indisciplin\u00e9","og_description":"Retrouvez tous les spectacles produits par la compagnie en cr\u00e9ation ou en diffusion actuellement.","og_url":"https:\/\/icidedansdehors.art\/index.php\/nos-actus\/","og_site_name":"ICI DEDANS DEHORS ZONE DE TURBULENCE - th\u00e9\u00e2tre indisciplin\u00e9","article_publisher":"https:\/\/www.facebook.com\/pleins.feux.5","article_modified_time":"2023-02-23T15:19:22+00:00","og_image":[{"url":"https:\/\/icidedansdehors.art\/wp-content\/uploads\/2022\/05\/2022-03-01-10-28-00_08....multimediaarticles2022021715521203ThameurMejriTheEyeoftheBeholder2020-1.jpg"}],"twitter_card":"summary_large_image","twitter_misc":{"Dur\u00e9e de lecture estim\u00e9e":"2 minutes"},"schema":{"@context":"https:\/\/schema.org","@graph":[{"@type":"WebPage","@id":"https:\/\/icidedansdehors.art\/index.php\/nos-actus\/","url":"https:\/\/icidedansdehors.art\/index.php\/nos-actus\/","name":"NOS ACTUS - ICI DEDANS DEHORS ZONE DE TURBULENCE - th\u00e9\u00e2tre indisciplin\u00e9","isPartOf":{"@id":"https:\/\/icidedansdehors.art\/#website"},"primaryImageOfPage":{"@id":"https:\/\/icidedansdehors.art\/index.php\/nos-actus\/#primaryimage"},"image":{"@id":"https:\/\/icidedansdehors.art\/index.php\/nos-actus\/#primaryimage"},"thumbnailUrl":"https:\/\/icidedansdehors.art\/wp-content\/uploads\/2022\/05\/2022-03-01-10-28-00_08....multimediaarticles2022021715521203ThameurMejriTheEyeoftheBeholder2020-1.jpg","datePublished":"2021-09-24T12:33:43+00:00","dateModified":"2023-02-23T15:19:22+00:00","breadcrumb":{"@id":"https:\/\/icidedansdehors.art\/index.php\/nos-actus\/#breadcrumb"},"inLanguage":"fr-FR","potentialAction":[{"@type":"ReadAction","target":["https:\/\/icidedansdehors.art\/index.php\/nos-actus\/"]}]},{"@type":"ImageObject","inLanguage":"fr-FR","@id":"https:\/\/icidedansdehors.art\/index.php\/nos-actus\/#primaryimage","url":"https:\/\/icidedansdehors.art\/wp-content\/uploads\/2022\/05\/2022-03-01-10-28-00_08....multimediaarticles2022021715521203ThameurMejriTheEyeoftheBeholder2020-1.jpg","contentUrl":"https:\/\/icidedansdehors.art\/wp-content\/uploads\/2022\/05\/2022-03-01-10-28-00_08....multimediaarticles2022021715521203ThameurMejriTheEyeoftheBeholder2020-1.jpg","width":900,"height":675},{"@type":"BreadcrumbList","@id":"https:\/\/icidedansdehors.art\/index.php\/nos-actus\/#breadcrumb","itemListElement":[{"@type":"ListItem","position":1,"name":"Accueil","item":"https:\/\/icidedansdehors.art\/"},{"@type":"ListItem","position":2,"name":"NOS ACTUS"}]},{"@type":"WebSite","@id":"https:\/\/icidedansdehors.art\/#website","url":"https:\/\/icidedansdehors.art\/","name":"ICI DEDANS DEHORS ZONE DE TURBULENCE - th\u00e9\u00e2tre indisciplin\u00e9","description":"Compagnie de th\u00e9\u00e2tre indisciplin\u00e9e","publisher":{"@id":"https:\/\/icidedansdehors.art\/#organization"},"potentialAction":[{"@type":"SearchAction","target":{"@type":"EntryPoint","urlTemplate":"https:\/\/icidedansdehors.art\/?s={search_term_string}"},"query-input":{"@type":"PropertyValueSpecification","valueRequired":true,"valueName":"search_term_string"}}],"inLanguage":"fr-FR"},{"@type":"Organization","@id":"https:\/\/icidedansdehors.art\/#organization","name":"ICI DEDANS DEHORS ZONE DE TURBULENCE - th\u00e9\u00e2tre indisciplin\u00e9","url":"https:\/\/icidedansdehors.art\/","logo":{"@type":"ImageObject","inLanguage":"fr-FR","@id":"https:\/\/icidedansdehors.art\/#\/schema\/logo\/image\/","url":"https:\/\/icidedansdehors.art\/wp-content\/uploads\/2023\/01\/cropped-Logo-IDDZT-2023-scaled-2.jpg","contentUrl":"https:\/\/icidedansdehors.art\/wp-content\/uploads\/2023\/01\/cropped-Logo-IDDZT-2023-scaled-2.jpg","width":2219,"height":1478,"caption":"ICI DEDANS DEHORS ZONE DE TURBULENCE - th\u00e9\u00e2tre indisciplin\u00e9"},"image":{"@id":"https:\/\/icidedansdehors.art\/#\/schema\/logo\/image\/"},"sameAs":["https:\/\/www.facebook.com\/pleins.feux.5"]}]}},"_links":{"self":[{"href":"https:\/\/icidedansdehors.art\/index.php\/wp-json\/wp\/v2\/pages\/149"}],"collection":[{"href":"https:\/\/icidedansdehors.art\/index.php\/wp-json\/wp\/v2\/pages"}],"about":[{"href":"https:\/\/icidedansdehors.art\/index.php\/wp-json\/wp\/v2\/types\/page"}],"author":[{"embeddable":true,"href":"https:\/\/icidedansdehors.art\/index.php\/wp-json\/wp\/v2\/users\/1"}],"replies":[{"embeddable":true,"href":"https:\/\/icidedansdehors.art\/index.php\/wp-json\/wp\/v2\/comments?post=149"}],"version-history":[{"count":61,"href":"https:\/\/icidedansdehors.art\/index.php\/wp-json\/wp\/v2\/pages\/149\/revisions"}],"predecessor-version":[{"id":1610,"href":"https:\/\/icidedansdehors.art\/index.php\/wp-json\/wp\/v2\/pages\/149\/revisions\/1610"}],"wp:attachment":[{"href":"https:\/\/icidedansdehors.art\/index.php\/wp-json\/wp\/v2\/media?parent=149"}],"curies":[{"name":"wp","href":"https:\/\/api.w.org\/{rel}","templated":true}]}}