{"id":223,"date":"2021-09-28T11:47:59","date_gmt":"2021-09-28T09:47:59","guid":{"rendered":"http:\/\/icidedansdehors.art\/?page_id=223"},"modified":"2023-02-24T15:34:46","modified_gmt":"2023-02-24T14:34:46","slug":"accueil","status":"publish","type":"page","link":"https:\/\/icidedansdehors.art\/index.php\/accueil\/","title":{"rendered":"\u00c0 propos"},"content":{"rendered":"\n<div class=\"wp-block-cover alignfull is-light\" style=\"min-height:306px\"><span aria-hidden=\"true\" class=\"wp-block-cover__background has-background-dim-40 has-background-dim\"><\/span><img loading=\"lazy\" decoding=\"async\" width=\"850\" height=\"567\" class=\"wp-block-cover__image-background wp-image-411\" alt=\"\" src=\"http:\/\/icidedansdehors.art\/wp-content\/uploads\/2021\/10\/IMG_4672.jpg\" style=\"object-position:63% 36%\" data-object-fit=\"cover\" data-object-position=\"63% 36%\" srcset=\"https:\/\/icidedansdehors.art\/wp-content\/uploads\/2021\/10\/IMG_4672.jpg 850w, https:\/\/icidedansdehors.art\/wp-content\/uploads\/2021\/10\/IMG_4672-300x200.jpg 300w, https:\/\/icidedansdehors.art\/wp-content\/uploads\/2021\/10\/IMG_4672-768x512.jpg 768w\" sizes=\"(max-width: 850px) 100vw, 850px\" \/><div class=\"wp-block-cover__inner-container is-layout-flow wp-block-cover-is-layout-flow\">\n<h1 class=\"has-text-align-right has-white-color has-text-color wp-block-heading\" style=\"font-size:50px\">LE PROJET<\/h1>\n<\/div><\/div>\n\n\n\n<hr class=\"wp-block-separator has-text-color has-white-color has-css-opacity has-white-background-color has-background\"\/>\n\n\n\n<p class=\"has-text-align-center has-black-color has-text-color has-large-font-size\"><em><strong>Petite histoire de la compagnie<\/strong><\/em><\/p>\n\n\n\n<p><\/p>\n\n\n\n<p><\/p>\n\n\n\n<p><\/p>\n\n\n\n<p class=\"has-drop-cap has-text-align-left\" style=\"font-size:18px\">La structure est cr\u00e9\u00e9e en 1988 \u00e0 l\u2019initiative de l\u2019artiste chilien le mime Eduardo Lorca&nbsp;exil\u00e9 en France. Elle fait suite&nbsp;\u00e0 la cr\u00e9ation, en 1983, du Th\u00e9\u00e2tre\/Ecole \u00ab El Galp\u00f2n \u00bb &nbsp;(l\u2019Entrep\u00f4t) passage&nbsp;Thiaffait \u00e0 Lyon 1er, et prendra le nom de compagnie Pleins Feux pendant plusieurs ann\u00e9es. <meta charset=\"utf-8\">En 2013, la direction artistique est reprise par <a href=\"https:\/\/icidedansdehors.art\/index.php\/lequipe\/\">Corinne Chevalier et Jorge Lorca<\/a>, artistes pluridisciplinaires menant une recherche sur le texte, &nbsp;le corps en mouvement, l\u2019image et le son. L&rsquo;objectif est de cr\u00e9er, partout, sans limite de lieu ni d&rsquo;espace en s&rsquo;attachant \u00e0 ce qui nous relie les uns aux autres, de l\u2019intime au collectif. En 2021, Pleins feux devient Ici Dedans Dehors Zone De Turbulence, un collectif d\u2019artistes dont <a href=\"https:\/\/icidedansdehors.art\/index.php\/lequipe\/\">Corinne et Jorge<\/a> sont le coeur. Par collectif, ils entendent un enrichissement mutuel entre les artistes pr\u00e9sents et les mat\u00e9riaux du moments. Leurs cr\u00e9ations prennent place aussi bien dans l\u2019espace public, que dans un th\u00e9\u00e2tre ou dans des lieux alternatifs.\u200b<\/p>\n\n\n\n<p><\/p>\n\n\n\n<p><\/p>\n\n\n\n<hr class=\"wp-block-separator has-text-color has-white-color has-css-opacity has-white-background-color has-background\"\/>\n\n\n\n<div class=\"wp-block-columns is-layout-flex wp-container-core-columns-layout-1 wp-block-columns-is-layout-flex\">\n<div class=\"wp-block-column is-layout-flow wp-block-column-is-layout-flow\">\n<p class=\"has-text-align-center has-vivid-red-color has-text-color\" style=\"font-size:22px\"><em><strong>ICI<\/strong><\/em><\/p>\n<\/div>\n\n\n\n<div class=\"wp-block-column is-layout-flow wp-block-column-is-layout-flow\">\n<p><\/p>\n\n\n\n<p class=\"has-text-align-center has-vivid-red-color has-text-color\" style=\"font-size:22px\"><em><strong>DEDANS<\/strong><\/em><\/p>\n<\/div>\n\n\n\n<div class=\"wp-block-column is-layout-flow wp-block-column-is-layout-flow\">\n<p class=\"has-text-align-center has-vivid-red-color has-text-color\" style=\"font-size:22px\"><em><strong>DEHORS<\/strong><\/em><\/p>\n<\/div>\n\n\n\n<div class=\"wp-block-column is-layout-flow wp-block-column-is-layout-flow\">\n<p><\/p>\n\n\n\n<p class=\"has-text-align-center has-vivid-red-color has-text-color has-medium-font-size\"><em><strong>ZONE<\/strong><\/em><\/p>\n<\/div>\n\n\n\n<div class=\"wp-block-column is-layout-flow wp-block-column-is-layout-flow\">\n<p class=\"has-text-align-center has-vivid-red-color has-text-color has-medium-font-size\"><em><strong>TURBULENCE<\/strong><\/em><\/p>\n<\/div>\n<\/div>\n\n\n\n<div class=\"wp-block-columns is-layout-flex wp-container-core-columns-layout-2 wp-block-columns-is-layout-flex\">\n<div class=\"wp-block-column is-layout-flow wp-block-column-is-layout-flow\">\n<p class=\"has-text-align-center\" style=\"font-size:18px\">\u2026 et maintenant, <em>Ic e nunc<\/em><\/p>\n<\/div>\n\n\n\n<div class=\"wp-block-column is-layout-flow wp-block-column-is-layout-flow\">\n<p class=\"has-text-align-center\" style=\"font-size:18px\">\u2026 entre quatre murs, \u00e0 l\u2019int\u00e9rieur, dans nos int\u00e9rieurs, au fond de nos \u00e2mes, au coeur des hommes<\/p>\n<\/div>\n\n\n\n<div class=\"wp-block-column is-layout-flow wp-block-column-is-layout-flow\">\n<p class=\"has-text-align-center\" style=\"font-size:18px\">&#8230; derri\u00e8re les murs, dans la rue, sur le toit, dans le jardin, dans les arbres, \u00e0 la surface de&nbsp; l\u2019eau, au del\u00e0 de l\u2019apparence des hommes. <\/p>\n<\/div>\n\n\n\n<div class=\"wp-block-column is-layout-flow wp-block-column-is-layout-flow\">\n<p class=\"has-text-align-center\" style=\"font-size:18px\"><strong> <\/strong>&#8230; espace vide, espace d\u00e9limit\u00e9, lieu de deal, fronti\u00e8re \u2026 <\/p>\n<\/div>\n\n\n\n<div class=\"wp-block-column is-layout-flow wp-block-column-is-layout-flow\">\n<p class=\"has-text-align-center\" style=\"font-size:18px\">\u2026 qui est chaotique, qui chamboule, qui remue, qui secoue, qui r\u00e9veille, qui se souvient, qui r\u00e9invente.<\/p>\n<\/div>\n<\/div>\n\n\n\n<hr class=\"wp-block-separator has-text-color has-white-color has-css-opacity has-white-background-color has-background\"\/>\n\n\n\n<p class=\"has-text-align-center has-vivid-red-color has-text-color has-large-font-size\"><strong>IDDZT<\/strong><\/p>\n\n\n\n<p><\/p>\n\n\n\n<hr class=\"wp-block-separator has-text-color has-white-color has-css-opacity has-white-background-color has-background\"\/>\n\n\n\n<div class=\"wp-block-group is-layout-flow wp-block-group-is-layout-flow\"><div class=\"wp-block-group__inner-container\">\n<p class=\"has-text-align-center has-medium-font-size\">c\u2019est long comme toutes les choses qu\u2019on voudrait dire, c\u2019est long comme le silence dans la nuit.<\/p>\n<\/div><\/div>\n\n\n\n<p class=\"has-text-align-center has-medium-font-size\">c\u2019est deux artistes pluridisciplinaires <a href=\"https:\/\/icidedansdehors.art\/index.php\/lequipe\/\">Jorge Lorca et Corinne Chevalier<\/a> qui relient l\u2019\u00e9criture dramatique au mouvement par le biais de la danse, des arts martiaux, de la musique, et des arts num\u00e9riques. Et&nbsp;c\u2019est aussi une \u00e9quipe artistique qui se r\u00e9inventent en fonction des projets.<\/p>\n\n\n\n<p><\/p>\n\n\n\n<p class=\"has-text-align-center has-vivid-red-color has-text-color has-medium-font-size\"><strong> IDDZT <\/strong><\/p>\n\n\n\n<p class=\"has-text-align-center has-medium-font-size\">ne se veut ni homog\u00e8ne, ni attendu, ni pr\u00e9visible. Veut \u00eatre libre de cr\u00e9er et de raconter ce qui lui passe par la t\u00eate sur le moment, ce qui lui passe par le c\u0153ur aussi. Et libre de le faire partout m\u00eame si ce n\u2019est pas autoris\u00e9. Parce qu\u2019on n\u2019institutionnalise pas la cr\u00e9ation. Sinon elle meurt, la cr\u00e9ation. Elle s\u2019\u00e9touffe dans les volont\u00e9s de faire bien et de faire mieux, de faire plus joli plus cr\u00e9atif plus dr\u00f4le plus rock plus d\u00e9jant\u00e9 plus innovant plus \u00e0 la pointe plus en vogue plus rigoureux plus \u00e9rudit \u2026 plus plus plus.<\/p>\n\n\n\n<p><\/p>\n\n\n\n<p class=\"has-text-align-center has-vivid-red-color has-text-color has-medium-font-size\"><strong>IDDZT<\/strong><\/p>\n\n\n\n<div class=\"wp-block-group is-layout-flow wp-block-group-is-layout-flow\"><div class=\"wp-block-group__inner-container\">\n<p class=\"has-text-align-center has-medium-font-size\">c\u2019est comme la vibration musicale d\u2019un poing sur la table dans un moment de col\u00e8re. C\u2019est la gr\u00e2ce apr\u00e8s la temp\u00eate.&nbsp; <\/p>\n\n\n\n<p class=\"has-text-align-center has-medium-font-size\">c\u2019est des formes th\u00e9\u00e2trales dans des espaces conventionnels, alternatifs ou atypiques. C\u2019est des grandes histoires et des petites histoires, des grandes et des petites destin\u00e9s.&nbsp;C\u2019est des cr\u00e9ations qui parlent, qui partent des gens, les gens qui y vont et qui n\u2019y vont pas \u2026 au th\u00e9\u00e2tre.&nbsp; Les gens qui se disent que c\u2019est comme la politique on y raconte toujours la m\u00eame chose \u2026 au th\u00e9\u00e2tre.&nbsp; Alors quelquefois il faut du spectaculaire, du grandiloquent, des personnages qui grimpent sur les murs et qui descendent en rappel, des \u00eatres humains qui racontent et&nbsp; qui rentrent dans le coeur des gens avec des virevoltes et leur grande gueule.&nbsp;Et d\u2019autres fois, il faut de l\u2019intimiste, du qui va chercher dans les \u00e9motions, du silencieux, du po\u00e9tique, du minimalisme. <\/p>\n\n\n\n<p><\/p>\n\n\n\n<p class=\"has-text-align-center has-medium-font-size\">Ce n\u2019est pas toujours la m\u00eame chose m\u00eame si, au fond, \u00e7a va toujours dans le m\u00eame sens.<\/p>\n\n\n\n<hr class=\"wp-block-separator has-text-color has-white-color has-css-opacity has-white-background-color has-background\"\/>\n<\/div><\/div>\n\n\n\n<hr class=\"wp-block-separator has-text-color has-black-color has-css-opacity has-black-background-color has-background aligncenter\"\/>\n\n\n\n<hr class=\"wp-block-separator has-text-color has-white-color has-css-opacity has-white-background-color has-background\"\/>\n","protected":false},"excerpt":{"rendered":"<p>Petite histoire de la compagnie La structure est cr\u00e9\u00e9e en 1988 \u00e0 l\u2019initiative de l\u2019artiste chilien le mime Eduardo Lorca&nbsp;exil\u00e9 en France. Elle fait suite&nbsp;\u00e0 la cr\u00e9ation, en 1983, du Th\u00e9\u00e2tre\/Ecole \u00ab El Galp\u00f2n \u00bb &nbsp;(l\u2019Entrep\u00f4t) passage&nbsp;Thiaffait \u00e0 Lyon 1er, et prendra le nom de compagnie Pleins Feux pendant plusieurs ann\u00e9es. En 2013, la direction [&hellip;]<\/p>\n","protected":false},"author":1,"featured_media":0,"parent":0,"menu_order":0,"comment_status":"closed","ping_status":"closed","template":"","meta":{"ocean_post_layout":"","ocean_both_sidebars_style":"","ocean_both_sidebars_content_width":0,"ocean_both_sidebars_sidebars_width":0,"ocean_sidebar":"0","ocean_second_sidebar":"0","ocean_disable_margins":"enable","ocean_add_body_class":"","ocean_shortcode_before_top_bar":"","ocean_shortcode_after_top_bar":"","ocean_shortcode_before_header":"","ocean_shortcode_after_header":"","ocean_has_shortcode":"","ocean_shortcode_after_title":"","ocean_shortcode_before_footer_widgets":"","ocean_shortcode_after_footer_widgets":"","ocean_shortcode_before_footer_bottom":"","ocean_shortcode_after_footer_bottom":"","ocean_display_top_bar":"default","ocean_display_header":"default","ocean_header_style":"","ocean_center_header_left_menu":"0","ocean_custom_header_template":"0","ocean_custom_logo":0,"ocean_custom_retina_logo":0,"ocean_custom_logo_max_width":0,"ocean_custom_logo_tablet_max_width":0,"ocean_custom_logo_mobile_max_width":0,"ocean_custom_logo_max_height":0,"ocean_custom_logo_tablet_max_height":0,"ocean_custom_logo_mobile_max_height":0,"ocean_header_custom_menu":"0","ocean_menu_typo_font_family":"0","ocean_menu_typo_font_subset":"","ocean_menu_typo_font_size":0,"ocean_menu_typo_font_size_tablet":0,"ocean_menu_typo_font_size_mobile":0,"ocean_menu_typo_font_size_unit":"px","ocean_menu_typo_font_weight":"","ocean_menu_typo_font_weight_tablet":"","ocean_menu_typo_font_weight_mobile":"","ocean_menu_typo_transform":"","ocean_menu_typo_transform_tablet":"","ocean_menu_typo_transform_mobile":"","ocean_menu_typo_line_height":0,"ocean_menu_typo_line_height_tablet":0,"ocean_menu_typo_line_height_mobile":0,"ocean_menu_typo_line_height_unit":"","ocean_menu_typo_spacing":0,"ocean_menu_typo_spacing_tablet":0,"ocean_menu_typo_spacing_mobile":0,"ocean_menu_typo_spacing_unit":"","ocean_menu_link_color":"","ocean_menu_link_color_hover":"","ocean_menu_link_color_active":"","ocean_menu_link_background":"","ocean_menu_link_hover_background":"","ocean_menu_link_active_background":"","ocean_menu_social_links_bg":"","ocean_menu_social_hover_links_bg":"","ocean_menu_social_links_color":"","ocean_menu_social_hover_links_color":"","ocean_disable_title":"on","ocean_disable_heading":"default","ocean_post_title":"","ocean_post_subheading":"","ocean_post_title_style":"","ocean_post_title_background_color":"","ocean_post_title_background":0,"ocean_post_title_bg_image_position":"","ocean_post_title_bg_image_attachment":"","ocean_post_title_bg_image_repeat":"","ocean_post_title_bg_image_size":"","ocean_post_title_height":0,"ocean_post_title_bg_overlay":0.5,"ocean_post_title_bg_overlay_color":"","ocean_disable_breadcrumbs":"off","ocean_breadcrumbs_color":"","ocean_breadcrumbs_separator_color":"","ocean_breadcrumbs_links_color":"","ocean_breadcrumbs_links_hover_color":"","ocean_display_footer_widgets":"default","ocean_display_footer_bottom":"off","ocean_custom_footer_template":"0","footnotes":""},"yoast_head":"<!-- This site is optimized with the Yoast SEO plugin v23.5 - https:\/\/yoast.com\/wordpress\/plugins\/seo\/ -->\n<title>\u00c0 propos - ICI DEDANS DEHORS ZONE DE TURBULENCE - th\u00e9\u00e2tre indisciplin\u00e9<\/title>\n<meta name=\"robots\" content=\"index, follow, max-snippet:-1, max-image-preview:large, max-video-preview:-1\" \/>\n<link rel=\"canonical\" href=\"https:\/\/icidedansdehors.art\/index.php\/accueil\/\" \/>\n<meta property=\"og:locale\" content=\"fr_FR\" \/>\n<meta property=\"og:type\" content=\"article\" \/>\n<meta property=\"og:title\" content=\"\u00c0 propos - ICI DEDANS DEHORS ZONE DE TURBULENCE - th\u00e9\u00e2tre indisciplin\u00e9\" \/>\n<meta property=\"og:description\" content=\"Petite histoire de la compagnie La structure est cr\u00e9\u00e9e en 1988 \u00e0 l\u2019initiative de l\u2019artiste chilien le mime Eduardo Lorca&nbsp;exil\u00e9 en France. Elle fait suite&nbsp;\u00e0 la cr\u00e9ation, en 1983, du Th\u00e9\u00e2tre\/Ecole \u00ab El Galp\u00f2n \u00bb &nbsp;(l\u2019Entrep\u00f4t) passage&nbsp;Thiaffait \u00e0 Lyon 1er, et prendra le nom de compagnie Pleins Feux pendant plusieurs ann\u00e9es. En 2013, la direction [&hellip;]\" \/>\n<meta property=\"og:url\" content=\"https:\/\/icidedansdehors.art\/index.php\/accueil\/\" \/>\n<meta property=\"og:site_name\" content=\"ICI DEDANS DEHORS ZONE DE TURBULENCE - th\u00e9\u00e2tre indisciplin\u00e9\" \/>\n<meta property=\"article:publisher\" content=\"https:\/\/www.facebook.com\/pleins.feux.5\" \/>\n<meta property=\"article:modified_time\" content=\"2023-02-24T14:34:46+00:00\" \/>\n<meta property=\"og:image\" content=\"http:\/\/icidedansdehors.art\/wp-content\/uploads\/2021\/10\/IMG_4672.jpg\" \/>\n<meta name=\"twitter:card\" content=\"summary_large_image\" \/>\n<meta name=\"twitter:label1\" content=\"Dur\u00e9e de lecture estim\u00e9e\" \/>\n\t<meta name=\"twitter:data1\" content=\"4 minutes\" \/>\n<script type=\"application\/ld+json\" class=\"yoast-schema-graph\">{\"@context\":\"https:\/\/schema.org\",\"@graph\":[{\"@type\":\"WebPage\",\"@id\":\"https:\/\/icidedansdehors.art\/index.php\/accueil\/\",\"url\":\"https:\/\/icidedansdehors.art\/index.php\/accueil\/\",\"name\":\"\u00c0 propos - ICI DEDANS DEHORS ZONE DE TURBULENCE - th\u00e9\u00e2tre indisciplin\u00e9\",\"isPartOf\":{\"@id\":\"https:\/\/icidedansdehors.art\/#website\"},\"primaryImageOfPage\":{\"@id\":\"https:\/\/icidedansdehors.art\/index.php\/accueil\/#primaryimage\"},\"image\":{\"@id\":\"https:\/\/icidedansdehors.art\/index.php\/accueil\/#primaryimage\"},\"thumbnailUrl\":\"http:\/\/icidedansdehors.art\/wp-content\/uploads\/2021\/10\/IMG_4672.jpg\",\"datePublished\":\"2021-09-28T09:47:59+00:00\",\"dateModified\":\"2023-02-24T14:34:46+00:00\",\"breadcrumb\":{\"@id\":\"https:\/\/icidedansdehors.art\/index.php\/accueil\/#breadcrumb\"},\"inLanguage\":\"fr-FR\",\"potentialAction\":[{\"@type\":\"ReadAction\",\"target\":[\"https:\/\/icidedansdehors.art\/index.php\/accueil\/\"]}]},{\"@type\":\"ImageObject\",\"inLanguage\":\"fr-FR\",\"@id\":\"https:\/\/icidedansdehors.art\/index.php\/accueil\/#primaryimage\",\"url\":\"https:\/\/icidedansdehors.art\/wp-content\/uploads\/2021\/10\/IMG_4672.jpg\",\"contentUrl\":\"https:\/\/icidedansdehors.art\/wp-content\/uploads\/2021\/10\/IMG_4672.jpg\",\"width\":850,\"height\":567,\"caption\":\"La D\u00e9charge\"},{\"@type\":\"BreadcrumbList\",\"@id\":\"https:\/\/icidedansdehors.art\/index.php\/accueil\/#breadcrumb\",\"itemListElement\":[{\"@type\":\"ListItem\",\"position\":1,\"name\":\"Accueil\",\"item\":\"https:\/\/icidedansdehors.art\/\"},{\"@type\":\"ListItem\",\"position\":2,\"name\":\"\u00c0 propos\"}]},{\"@type\":\"WebSite\",\"@id\":\"https:\/\/icidedansdehors.art\/#website\",\"url\":\"https:\/\/icidedansdehors.art\/\",\"name\":\"ICI DEDANS DEHORS ZONE DE TURBULENCE - th\u00e9\u00e2tre indisciplin\u00e9\",\"description\":\"Compagnie de th\u00e9\u00e2tre indisciplin\u00e9e\",\"publisher\":{\"@id\":\"https:\/\/icidedansdehors.art\/#organization\"},\"potentialAction\":[{\"@type\":\"SearchAction\",\"target\":{\"@type\":\"EntryPoint\",\"urlTemplate\":\"https:\/\/icidedansdehors.art\/?s={search_term_string}\"},\"query-input\":{\"@type\":\"PropertyValueSpecification\",\"valueRequired\":true,\"valueName\":\"search_term_string\"}}],\"inLanguage\":\"fr-FR\"},{\"@type\":\"Organization\",\"@id\":\"https:\/\/icidedansdehors.art\/#organization\",\"name\":\"ICI DEDANS DEHORS ZONE DE TURBULENCE - th\u00e9\u00e2tre indisciplin\u00e9\",\"url\":\"https:\/\/icidedansdehors.art\/\",\"logo\":{\"@type\":\"ImageObject\",\"inLanguage\":\"fr-FR\",\"@id\":\"https:\/\/icidedansdehors.art\/#\/schema\/logo\/image\/\",\"url\":\"https:\/\/icidedansdehors.art\/wp-content\/uploads\/2023\/01\/cropped-Logo-IDDZT-2023-scaled-2.jpg\",\"contentUrl\":\"https:\/\/icidedansdehors.art\/wp-content\/uploads\/2023\/01\/cropped-Logo-IDDZT-2023-scaled-2.jpg\",\"width\":2219,\"height\":1478,\"caption\":\"ICI DEDANS DEHORS ZONE DE TURBULENCE - th\u00e9\u00e2tre indisciplin\u00e9\"},\"image\":{\"@id\":\"https:\/\/icidedansdehors.art\/#\/schema\/logo\/image\/\"},\"sameAs\":[\"https:\/\/www.facebook.com\/pleins.feux.5\"]}]}<\/script>\n<!-- \/ Yoast SEO plugin. -->","yoast_head_json":{"title":"\u00c0 propos - ICI DEDANS DEHORS ZONE DE TURBULENCE - th\u00e9\u00e2tre indisciplin\u00e9","robots":{"index":"index","follow":"follow","max-snippet":"max-snippet:-1","max-image-preview":"max-image-preview:large","max-video-preview":"max-video-preview:-1"},"canonical":"https:\/\/icidedansdehors.art\/index.php\/accueil\/","og_locale":"fr_FR","og_type":"article","og_title":"\u00c0 propos - ICI DEDANS DEHORS ZONE DE TURBULENCE - th\u00e9\u00e2tre indisciplin\u00e9","og_description":"Petite histoire de la compagnie La structure est cr\u00e9\u00e9e en 1988 \u00e0 l\u2019initiative de l\u2019artiste chilien le mime Eduardo Lorca&nbsp;exil\u00e9 en France. Elle fait suite&nbsp;\u00e0 la cr\u00e9ation, en 1983, du Th\u00e9\u00e2tre\/Ecole \u00ab El Galp\u00f2n \u00bb &nbsp;(l\u2019Entrep\u00f4t) passage&nbsp;Thiaffait \u00e0 Lyon 1er, et prendra le nom de compagnie Pleins Feux pendant plusieurs ann\u00e9es. En 2013, la direction [&hellip;]","og_url":"https:\/\/icidedansdehors.art\/index.php\/accueil\/","og_site_name":"ICI DEDANS DEHORS ZONE DE TURBULENCE - th\u00e9\u00e2tre indisciplin\u00e9","article_publisher":"https:\/\/www.facebook.com\/pleins.feux.5","article_modified_time":"2023-02-24T14:34:46+00:00","og_image":[{"url":"http:\/\/icidedansdehors.art\/wp-content\/uploads\/2021\/10\/IMG_4672.jpg"}],"twitter_card":"summary_large_image","twitter_misc":{"Dur\u00e9e de lecture estim\u00e9e":"4 minutes"},"schema":{"@context":"https:\/\/schema.org","@graph":[{"@type":"WebPage","@id":"https:\/\/icidedansdehors.art\/index.php\/accueil\/","url":"https:\/\/icidedansdehors.art\/index.php\/accueil\/","name":"\u00c0 propos - ICI DEDANS DEHORS ZONE DE TURBULENCE - th\u00e9\u00e2tre indisciplin\u00e9","isPartOf":{"@id":"https:\/\/icidedansdehors.art\/#website"},"primaryImageOfPage":{"@id":"https:\/\/icidedansdehors.art\/index.php\/accueil\/#primaryimage"},"image":{"@id":"https:\/\/icidedansdehors.art\/index.php\/accueil\/#primaryimage"},"thumbnailUrl":"http:\/\/icidedansdehors.art\/wp-content\/uploads\/2021\/10\/IMG_4672.jpg","datePublished":"2021-09-28T09:47:59+00:00","dateModified":"2023-02-24T14:34:46+00:00","breadcrumb":{"@id":"https:\/\/icidedansdehors.art\/index.php\/accueil\/#breadcrumb"},"inLanguage":"fr-FR","potentialAction":[{"@type":"ReadAction","target":["https:\/\/icidedansdehors.art\/index.php\/accueil\/"]}]},{"@type":"ImageObject","inLanguage":"fr-FR","@id":"https:\/\/icidedansdehors.art\/index.php\/accueil\/#primaryimage","url":"https:\/\/icidedansdehors.art\/wp-content\/uploads\/2021\/10\/IMG_4672.jpg","contentUrl":"https:\/\/icidedansdehors.art\/wp-content\/uploads\/2021\/10\/IMG_4672.jpg","width":850,"height":567,"caption":"La D\u00e9charge"},{"@type":"BreadcrumbList","@id":"https:\/\/icidedansdehors.art\/index.php\/accueil\/#breadcrumb","itemListElement":[{"@type":"ListItem","position":1,"name":"Accueil","item":"https:\/\/icidedansdehors.art\/"},{"@type":"ListItem","position":2,"name":"\u00c0 propos"}]},{"@type":"WebSite","@id":"https:\/\/icidedansdehors.art\/#website","url":"https:\/\/icidedansdehors.art\/","name":"ICI DEDANS DEHORS ZONE DE TURBULENCE - th\u00e9\u00e2tre indisciplin\u00e9","description":"Compagnie de th\u00e9\u00e2tre indisciplin\u00e9e","publisher":{"@id":"https:\/\/icidedansdehors.art\/#organization"},"potentialAction":[{"@type":"SearchAction","target":{"@type":"EntryPoint","urlTemplate":"https:\/\/icidedansdehors.art\/?s={search_term_string}"},"query-input":{"@type":"PropertyValueSpecification","valueRequired":true,"valueName":"search_term_string"}}],"inLanguage":"fr-FR"},{"@type":"Organization","@id":"https:\/\/icidedansdehors.art\/#organization","name":"ICI DEDANS DEHORS ZONE DE TURBULENCE - th\u00e9\u00e2tre indisciplin\u00e9","url":"https:\/\/icidedansdehors.art\/","logo":{"@type":"ImageObject","inLanguage":"fr-FR","@id":"https:\/\/icidedansdehors.art\/#\/schema\/logo\/image\/","url":"https:\/\/icidedansdehors.art\/wp-content\/uploads\/2023\/01\/cropped-Logo-IDDZT-2023-scaled-2.jpg","contentUrl":"https:\/\/icidedansdehors.art\/wp-content\/uploads\/2023\/01\/cropped-Logo-IDDZT-2023-scaled-2.jpg","width":2219,"height":1478,"caption":"ICI DEDANS DEHORS ZONE DE TURBULENCE - th\u00e9\u00e2tre indisciplin\u00e9"},"image":{"@id":"https:\/\/icidedansdehors.art\/#\/schema\/logo\/image\/"},"sameAs":["https:\/\/www.facebook.com\/pleins.feux.5"]}]}},"_links":{"self":[{"href":"https:\/\/icidedansdehors.art\/index.php\/wp-json\/wp\/v2\/pages\/223"}],"collection":[{"href":"https:\/\/icidedansdehors.art\/index.php\/wp-json\/wp\/v2\/pages"}],"about":[{"href":"https:\/\/icidedansdehors.art\/index.php\/wp-json\/wp\/v2\/types\/page"}],"author":[{"embeddable":true,"href":"https:\/\/icidedansdehors.art\/index.php\/wp-json\/wp\/v2\/users\/1"}],"replies":[{"embeddable":true,"href":"https:\/\/icidedansdehors.art\/index.php\/wp-json\/wp\/v2\/comments?post=223"}],"version-history":[{"count":56,"href":"https:\/\/icidedansdehors.art\/index.php\/wp-json\/wp\/v2\/pages\/223\/revisions"}],"predecessor-version":[{"id":1650,"href":"https:\/\/icidedansdehors.art\/index.php\/wp-json\/wp\/v2\/pages\/223\/revisions\/1650"}],"wp:attachment":[{"href":"https:\/\/icidedansdehors.art\/index.php\/wp-json\/wp\/v2\/media?parent=223"}],"curies":[{"name":"wp","href":"https:\/\/api.w.org\/{rel}","templated":true}]}}