{"id":295,"date":"2023-01-05T11:19:44","date_gmt":"2023-01-05T10:19:44","guid":{"rendered":"http:\/\/icidedansdehors.art\/?page_id=295"},"modified":"2023-01-05T11:19:45","modified_gmt":"2023-01-05T10:19:45","slug":"le-sens-de-la-vie","status":"publish","type":"page","link":"https:\/\/icidedansdehors.art\/index.php\/nos-spectacles-2\/le-sens-de-la-vie\/","title":{"rendered":"Le sens de la vie"},"content":{"rendered":"\n<p class=\"has-text-align-center has-primary-color has-text-color\" style=\"font-size:20px\">Cr\u00e9ation 2021<\/p>\n\n\n\n<p class=\"has-text-align-center has-accent-color has-text-color has-medium-font-size\">Mise en sc\u00e8ne&nbsp;et \u00e9criture <strong>&#8211;<\/strong>&nbsp;<strong>Corinne Chevalier et Jorge Lorca<\/strong><\/p>\n\n\n\n<p class=\"has-text-align-center has-accent-color has-text-color has-medium-font-size\">Production&nbsp;&#8211; <strong>compagnie Pleins Feux<\/strong><\/p>\n\n\n\n<p class=\"has-text-align-center has-primary-color has-text-color\" style=\"font-size:18px\">Premi\u00e8re \u00e9bauche jou\u00e9e dans le cadre de la deuxi\u00e8me \u00e9dition du festival&nbsp;Hors Champ (en format court de 30 minutes avec deux com\u00e9dien.nes)<\/p>\n\n\n\n<p class=\"has-text-align-center has-medium-font-size\"><em>Spectacle du Dehors et du Dedans<\/em><\/p>\n\n\n\n<hr class=\"wp-block-separator has-text-color has-white-color has-css-opacity has-white-background-color has-background\"\/>\n\n\n\n<div class=\"wp-block-columns alignfull is-layout-flex wp-container-core-columns-layout-1 wp-block-columns-is-layout-flex\">\n<div class=\"wp-block-column is-vertically-aligned-center is-layout-flow wp-block-column-is-layout-flow\">\n<figure class=\"wp-block-image size-large is-style-default\"><img loading=\"lazy\" decoding=\"async\" width=\"1024\" height=\"683\" src=\"https:\/\/icidedansdehors.art\/wp-content\/uploads\/2021\/11\/IMG_2009-1024x683.jpeg\" alt=\"\" class=\"wp-image-916\" srcset=\"https:\/\/icidedansdehors.art\/wp-content\/uploads\/2021\/11\/IMG_2009-1024x683.jpeg 1024w, https:\/\/icidedansdehors.art\/wp-content\/uploads\/2021\/11\/IMG_2009-300x200.jpeg 300w, https:\/\/icidedansdehors.art\/wp-content\/uploads\/2021\/11\/IMG_2009-768x512.jpeg 768w, https:\/\/icidedansdehors.art\/wp-content\/uploads\/2021\/11\/IMG_2009-1536x1024.jpeg 1536w, https:\/\/icidedansdehors.art\/wp-content\/uploads\/2021\/11\/IMG_2009-2048x1365.jpeg 2048w\" sizes=\"(max-width: 1024px) 100vw, 1024px\" \/><\/figure>\n<\/div>\n\n\n\n<div class=\"wp-block-column is-vertically-aligned-center is-layout-flow wp-block-column-is-layout-flow\"><div class=\"wp-block-image is-style-default\">\n<figure class=\"aligncenter size-large\"><img loading=\"lazy\" decoding=\"async\" width=\"1024\" height=\"682\" src=\"https:\/\/icidedansdehors.art\/wp-content\/uploads\/2022\/04\/IMG_1999-1024x682.jpeg\" alt=\"\" class=\"wp-image-1388\" srcset=\"https:\/\/icidedansdehors.art\/wp-content\/uploads\/2022\/04\/IMG_1999-1024x682.jpeg 1024w, https:\/\/icidedansdehors.art\/wp-content\/uploads\/2022\/04\/IMG_1999-300x200.jpeg 300w, https:\/\/icidedansdehors.art\/wp-content\/uploads\/2022\/04\/IMG_1999-768x512.jpeg 768w, https:\/\/icidedansdehors.art\/wp-content\/uploads\/2022\/04\/IMG_1999.jpeg 1280w\" sizes=\"(max-width: 1024px) 100vw, 1024px\" \/><\/figure><\/div><\/div>\n\n\n\n<div class=\"wp-block-column is-vertically-aligned-center is-layout-flow wp-block-column-is-layout-flow\">\n<figure class=\"wp-block-image size-large is-style-default\"><img loading=\"lazy\" decoding=\"async\" width=\"1024\" height=\"683\" src=\"https:\/\/icidedansdehors.art\/wp-content\/uploads\/2021\/11\/IMG_1971-2-1024x683.jpeg\" alt=\"\" class=\"wp-image-914\" srcset=\"https:\/\/icidedansdehors.art\/wp-content\/uploads\/2021\/11\/IMG_1971-2-1024x683.jpeg 1024w, https:\/\/icidedansdehors.art\/wp-content\/uploads\/2021\/11\/IMG_1971-2-300x200.jpeg 300w, https:\/\/icidedansdehors.art\/wp-content\/uploads\/2021\/11\/IMG_1971-2-768x512.jpeg 768w, https:\/\/icidedansdehors.art\/wp-content\/uploads\/2021\/11\/IMG_1971-2-1536x1024.jpeg 1536w, https:\/\/icidedansdehors.art\/wp-content\/uploads\/2021\/11\/IMG_1971-2-2048x1365.jpeg 2048w\" sizes=\"(max-width: 1024px) 100vw, 1024px\" \/><\/figure>\n<\/div>\n<\/div>\n\n\n\n<hr class=\"wp-block-separator has-text-color has-white-color has-css-opacity has-white-background-color has-background\"\/>\n\n\n\n<p class=\"has-text-align-center\" style=\"font-size:20px\">C\u2019est&#8230; Une rencontre improbable.<br>Un cerisier au bout d\u2019une \u00e9chelle.<br>Gardel et Piazzola cach\u00e9s dans les nuages.<br>Une r\u00e9flexion sur la vie et sur le sens qu\u2019on lui donne.<br>Un spectacle pluridisciplinaire m\u00ealant, th\u00e9\u00e2tre, tango argentin, danse contemporaine et arts martiaux.<\/p>\n\n\n\n<hr class=\"wp-block-separator has-text-color has-white-color has-css-opacity has-white-background-color has-background\"\/>\n\n\n\n<hr class=\"wp-block-separator has-text-color has-white-color has-css-opacity has-white-background-color has-background\"\/>\n\n\n\n<div class=\"wp-block-columns alignfull is-layout-flex wp-container-core-columns-layout-2 wp-block-columns-is-layout-flex\">\n<div class=\"wp-block-column is-vertically-aligned-center is-layout-flow wp-block-column-is-layout-flow\">\n<figure class=\"wp-block-image alignwide size-full is-style-default\"><img loading=\"lazy\" decoding=\"async\" width=\"1024\" height=\"576\" src=\"https:\/\/icidedansdehors.art\/wp-content\/uploads\/2021\/10\/PHOTO-2021-10-27-17-55-33-2.jpeg\" alt=\"\" class=\"wp-image-828\" srcset=\"https:\/\/icidedansdehors.art\/wp-content\/uploads\/2021\/10\/PHOTO-2021-10-27-17-55-33-2.jpeg 1024w, https:\/\/icidedansdehors.art\/wp-content\/uploads\/2021\/10\/PHOTO-2021-10-27-17-55-33-2-300x169.jpeg 300w, https:\/\/icidedansdehors.art\/wp-content\/uploads\/2021\/10\/PHOTO-2021-10-27-17-55-33-2-768x432.jpeg 768w\" sizes=\"(max-width: 1024px) 100vw, 1024px\" \/><\/figure>\n<\/div>\n\n\n\n<div class=\"wp-block-column is-vertically-aligned-center is-layout-flow wp-block-column-is-layout-flow\">\n<figure class=\"wp-block-image alignwide size-full is-style-default\"><img loading=\"lazy\" decoding=\"async\" width=\"1024\" height=\"576\" src=\"https:\/\/icidedansdehors.art\/wp-content\/uploads\/2021\/10\/PHOTO-2021-10-27-17-55-31.jpeg\" alt=\"\" class=\"wp-image-823\" srcset=\"https:\/\/icidedansdehors.art\/wp-content\/uploads\/2021\/10\/PHOTO-2021-10-27-17-55-31.jpeg 1024w, https:\/\/icidedansdehors.art\/wp-content\/uploads\/2021\/10\/PHOTO-2021-10-27-17-55-31-300x169.jpeg 300w, https:\/\/icidedansdehors.art\/wp-content\/uploads\/2021\/10\/PHOTO-2021-10-27-17-55-31-768x432.jpeg 768w\" sizes=\"(max-width: 1024px) 100vw, 1024px\" \/><\/figure>\n<\/div>\n\n\n\n<div class=\"wp-block-column is-vertically-aligned-center is-layout-flow wp-block-column-is-layout-flow\">\n<figure class=\"wp-block-image alignwide size-full is-style-default\"><img loading=\"lazy\" decoding=\"async\" width=\"659\" height=\"499\" src=\"https:\/\/icidedansdehors.art\/wp-content\/uploads\/2021\/10\/PHOTO-2021-10-27-17-55-31-5.jpeg\" alt=\"\" class=\"wp-image-850\" srcset=\"https:\/\/icidedansdehors.art\/wp-content\/uploads\/2021\/10\/PHOTO-2021-10-27-17-55-31-5.jpeg 659w, https:\/\/icidedansdehors.art\/wp-content\/uploads\/2021\/10\/PHOTO-2021-10-27-17-55-31-5-300x227.jpeg 300w\" sizes=\"(max-width: 659px) 100vw, 659px\" \/><\/figure>\n<\/div>\n<\/div>\n\n\n\n<hr class=\"wp-block-separator has-text-color has-white-color has-css-opacity has-white-background-color has-background\"\/>\n\n\n\n<p class=\"has-text-align-center has-vivid-red-color has-text-color has-medium-font-size\"><strong>Pour toute demande de dossier artistique, nous contacter par mail <\/strong><\/p>\n\n\n\n<hr class=\"wp-block-separator has-text-color has-white-color has-css-opacity has-white-background-color has-background\"\/>\n\n\n\n<p><\/p>\n","protected":false},"excerpt":{"rendered":"<p>Cr\u00e9ation 2021 Mise en sc\u00e8ne&nbsp;et \u00e9criture &#8211;&nbsp;Corinne Chevalier et Jorge Lorca Production&nbsp;&#8211; compagnie Pleins Feux Premi\u00e8re \u00e9bauche jou\u00e9e dans le cadre de la deuxi\u00e8me \u00e9dition du festival&nbsp;Hors Champ (en format court de 30 minutes avec deux com\u00e9dien.nes) Spectacle du Dehors et du Dedans C\u2019est&#8230; Une rencontre improbable.Un cerisier au bout d\u2019une \u00e9chelle.Gardel et Piazzola cach\u00e9s [&hellip;]<\/p>\n","protected":false},"author":1,"featured_media":0,"parent":369,"menu_order":2,"comment_status":"closed","ping_status":"closed","template":"","meta":{"ocean_post_layout":"","ocean_both_sidebars_style":"","ocean_both_sidebars_content_width":0,"ocean_both_sidebars_sidebars_width":0,"ocean_sidebar":"0","ocean_second_sidebar":"0","ocean_disable_margins":"enable","ocean_add_body_class":"","ocean_shortcode_before_top_bar":"","ocean_shortcode_after_top_bar":"","ocean_shortcode_before_header":"","ocean_shortcode_after_header":"","ocean_has_shortcode":"","ocean_shortcode_after_title":"","ocean_shortcode_before_footer_widgets":"","ocean_shortcode_after_footer_widgets":"","ocean_shortcode_before_footer_bottom":"","ocean_shortcode_after_footer_bottom":"","ocean_display_top_bar":"default","ocean_display_header":"default","ocean_header_style":"","ocean_center_header_left_menu":"0","ocean_custom_header_template":"0","ocean_custom_logo":0,"ocean_custom_retina_logo":0,"ocean_custom_logo_max_width":0,"ocean_custom_logo_tablet_max_width":0,"ocean_custom_logo_mobile_max_width":0,"ocean_custom_logo_max_height":0,"ocean_custom_logo_tablet_max_height":0,"ocean_custom_logo_mobile_max_height":0,"ocean_header_custom_menu":"0","ocean_menu_typo_font_family":"0","ocean_menu_typo_font_subset":"","ocean_menu_typo_font_size":0,"ocean_menu_typo_font_size_tablet":0,"ocean_menu_typo_font_size_mobile":0,"ocean_menu_typo_font_size_unit":"px","ocean_menu_typo_font_weight":"","ocean_menu_typo_font_weight_tablet":"","ocean_menu_typo_font_weight_mobile":"","ocean_menu_typo_transform":"","ocean_menu_typo_transform_tablet":"","ocean_menu_typo_transform_mobile":"","ocean_menu_typo_line_height":0,"ocean_menu_typo_line_height_tablet":0,"ocean_menu_typo_line_height_mobile":0,"ocean_menu_typo_line_height_unit":"","ocean_menu_typo_spacing":0,"ocean_menu_typo_spacing_tablet":0,"ocean_menu_typo_spacing_mobile":0,"ocean_menu_typo_spacing_unit":"","ocean_menu_link_color":"","ocean_menu_link_color_hover":"","ocean_menu_link_color_active":"","ocean_menu_link_background":"","ocean_menu_link_hover_background":"","ocean_menu_link_active_background":"","ocean_menu_social_links_bg":"","ocean_menu_social_hover_links_bg":"","ocean_menu_social_links_color":"","ocean_menu_social_hover_links_color":"","ocean_disable_title":"default","ocean_disable_heading":"default","ocean_post_title":"","ocean_post_subheading":"","ocean_post_title_style":"","ocean_post_title_background_color":"","ocean_post_title_background":0,"ocean_post_title_bg_image_position":"","ocean_post_title_bg_image_attachment":"","ocean_post_title_bg_image_repeat":"","ocean_post_title_bg_image_size":"","ocean_post_title_height":0,"ocean_post_title_bg_overlay":0.5,"ocean_post_title_bg_overlay_color":"","ocean_disable_breadcrumbs":"default","ocean_breadcrumbs_color":"","ocean_breadcrumbs_separator_color":"","ocean_breadcrumbs_links_color":"","ocean_breadcrumbs_links_hover_color":"","ocean_display_footer_widgets":"default","ocean_display_footer_bottom":"default","ocean_custom_footer_template":"0","footnotes":""},"yoast_head":"<!-- This site is optimized with the Yoast SEO plugin v23.5 - https:\/\/yoast.com\/wordpress\/plugins\/seo\/ -->\n<title>Le sens de la vie - ICI DEDANS DEHORS ZONE DE TURBULENCE - th\u00e9\u00e2tre indisciplin\u00e9 ICI DEDANS DEHORS ZONE DE TURBULENCE - th\u00e9\u00e2tre indisciplin\u00e9<\/title>\n<meta name=\"description\" content=\"Le sens de la vie, spectacle, cr\u00e9ation 2021, Mise en sc\u00e8ne et \u00e9criture Corinne Chevalier et Jorge Lorca, Production compagnie Pleins Feux, Premi\u00e8re \u00e9bauche jou\u00e9e dans le cadre de la deuxi\u00e8me \u00e9dition du festival Hors Champ (en format court de 30 minutes Spectacle du Dehors et du Dedans. ICI DEDANS DEHORS ZONE DE TURBULENCE - th\u00e9\u00e2tre indisciplin\u00e9\" \/>\n<meta name=\"robots\" content=\"index, follow, max-snippet:-1, max-image-preview:large, max-video-preview:-1\" \/>\n<link rel=\"canonical\" href=\"https:\/\/icidedansdehors.art\/index.php\/nos-spectacles-2\/le-sens-de-la-vie\/\" \/>\n<meta property=\"og:locale\" content=\"fr_FR\" \/>\n<meta property=\"og:type\" content=\"article\" \/>\n<meta property=\"og:title\" content=\"Le sens de la vie - ICI DEDANS DEHORS ZONE DE TURBULENCE - th\u00e9\u00e2tre indisciplin\u00e9 ICI DEDANS DEHORS ZONE DE TURBULENCE - th\u00e9\u00e2tre indisciplin\u00e9\" \/>\n<meta property=\"og:description\" content=\"Le sens de la vie, spectacle, cr\u00e9ation 2021, Mise en sc\u00e8ne et \u00e9criture Corinne Chevalier et Jorge Lorca, Production compagnie Pleins Feux, Premi\u00e8re \u00e9bauche jou\u00e9e dans le cadre de la deuxi\u00e8me \u00e9dition du festival Hors Champ (en format court de 30 minutes Spectacle du Dehors et du Dedans. ICI DEDANS DEHORS ZONE DE TURBULENCE - th\u00e9\u00e2tre indisciplin\u00e9\" \/>\n<meta property=\"og:url\" content=\"https:\/\/icidedansdehors.art\/index.php\/nos-spectacles-2\/le-sens-de-la-vie\/\" \/>\n<meta property=\"og:site_name\" content=\"ICI DEDANS DEHORS ZONE DE TURBULENCE - th\u00e9\u00e2tre indisciplin\u00e9\" \/>\n<meta property=\"article:publisher\" content=\"https:\/\/www.facebook.com\/pleins.feux.5\" \/>\n<meta property=\"article:modified_time\" content=\"2023-01-05T10:19:45+00:00\" \/>\n<meta property=\"og:image\" content=\"https:\/\/icidedansdehors.art\/wp-content\/uploads\/2021\/11\/IMG_2009-1024x683.jpeg\" \/>\n<meta name=\"twitter:card\" content=\"summary_large_image\" \/>\n<meta name=\"twitter:label1\" content=\"Dur\u00e9e de lecture estim\u00e9e\" \/>\n\t<meta name=\"twitter:data1\" content=\"2 minutes\" \/>\n<script type=\"application\/ld+json\" class=\"yoast-schema-graph\">{\"@context\":\"https:\/\/schema.org\",\"@graph\":[{\"@type\":\"WebPage\",\"@id\":\"https:\/\/icidedansdehors.art\/index.php\/nos-spectacles-2\/le-sens-de-la-vie\/\",\"url\":\"https:\/\/icidedansdehors.art\/index.php\/nos-spectacles-2\/le-sens-de-la-vie\/\",\"name\":\"Le sens de la vie - ICI DEDANS DEHORS ZONE DE TURBULENCE - th\u00e9\u00e2tre indisciplin\u00e9 ICI DEDANS DEHORS ZONE DE TURBULENCE - th\u00e9\u00e2tre indisciplin\u00e9\",\"isPartOf\":{\"@id\":\"https:\/\/icidedansdehors.art\/#website\"},\"primaryImageOfPage\":{\"@id\":\"https:\/\/icidedansdehors.art\/index.php\/nos-spectacles-2\/le-sens-de-la-vie\/#primaryimage\"},\"image\":{\"@id\":\"https:\/\/icidedansdehors.art\/index.php\/nos-spectacles-2\/le-sens-de-la-vie\/#primaryimage\"},\"thumbnailUrl\":\"https:\/\/icidedansdehors.art\/wp-content\/uploads\/2021\/11\/IMG_2009-1024x683.jpeg\",\"datePublished\":\"2023-01-05T10:19:44+00:00\",\"dateModified\":\"2023-01-05T10:19:45+00:00\",\"description\":\"Le sens de la vie, spectacle, cr\u00e9ation 2021, Mise en sc\u00e8ne et \u00e9criture Corinne Chevalier et Jorge Lorca, Production compagnie Pleins Feux, Premi\u00e8re \u00e9bauche jou\u00e9e dans le cadre de la deuxi\u00e8me \u00e9dition du festival Hors Champ (en format court de 30 minutes Spectacle du Dehors et du Dedans. ICI DEDANS DEHORS ZONE DE TURBULENCE - th\u00e9\u00e2tre indisciplin\u00e9\",\"breadcrumb\":{\"@id\":\"https:\/\/icidedansdehors.art\/index.php\/nos-spectacles-2\/le-sens-de-la-vie\/#breadcrumb\"},\"inLanguage\":\"fr-FR\",\"potentialAction\":[{\"@type\":\"ReadAction\",\"target\":[\"https:\/\/icidedansdehors.art\/index.php\/nos-spectacles-2\/le-sens-de-la-vie\/\"]}]},{\"@type\":\"ImageObject\",\"inLanguage\":\"fr-FR\",\"@id\":\"https:\/\/icidedansdehors.art\/index.php\/nos-spectacles-2\/le-sens-de-la-vie\/#primaryimage\",\"url\":\"https:\/\/icidedansdehors.art\/wp-content\/uploads\/2021\/11\/IMG_2009-1024x683.jpeg\",\"contentUrl\":\"https:\/\/icidedansdehors.art\/wp-content\/uploads\/2021\/11\/IMG_2009-1024x683.jpeg\"},{\"@type\":\"BreadcrumbList\",\"@id\":\"https:\/\/icidedansdehors.art\/index.php\/nos-spectacles-2\/le-sens-de-la-vie\/#breadcrumb\",\"itemListElement\":[{\"@type\":\"ListItem\",\"position\":1,\"name\":\"Accueil\",\"item\":\"https:\/\/icidedansdehors.art\/\"},{\"@type\":\"ListItem\",\"position\":2,\"name\":\"Nos spectacles\",\"item\":\"https:\/\/icidedansdehors.art\/index.php\/nos-spectacles-2\/\"},{\"@type\":\"ListItem\",\"position\":3,\"name\":\"Le sens de la vie\"}]},{\"@type\":\"WebSite\",\"@id\":\"https:\/\/icidedansdehors.art\/#website\",\"url\":\"https:\/\/icidedansdehors.art\/\",\"name\":\"ICI DEDANS DEHORS ZONE DE TURBULENCE - th\u00e9\u00e2tre indisciplin\u00e9\",\"description\":\"Compagnie de th\u00e9\u00e2tre indisciplin\u00e9e\",\"publisher\":{\"@id\":\"https:\/\/icidedansdehors.art\/#organization\"},\"potentialAction\":[{\"@type\":\"SearchAction\",\"target\":{\"@type\":\"EntryPoint\",\"urlTemplate\":\"https:\/\/icidedansdehors.art\/?s={search_term_string}\"},\"query-input\":{\"@type\":\"PropertyValueSpecification\",\"valueRequired\":true,\"valueName\":\"search_term_string\"}}],\"inLanguage\":\"fr-FR\"},{\"@type\":\"Organization\",\"@id\":\"https:\/\/icidedansdehors.art\/#organization\",\"name\":\"ICI DEDANS DEHORS ZONE DE TURBULENCE - th\u00e9\u00e2tre indisciplin\u00e9\",\"url\":\"https:\/\/icidedansdehors.art\/\",\"logo\":{\"@type\":\"ImageObject\",\"inLanguage\":\"fr-FR\",\"@id\":\"https:\/\/icidedansdehors.art\/#\/schema\/logo\/image\/\",\"url\":\"https:\/\/icidedansdehors.art\/wp-content\/uploads\/2023\/01\/cropped-Logo-IDDZT-2023-scaled-2.jpg\",\"contentUrl\":\"https:\/\/icidedansdehors.art\/wp-content\/uploads\/2023\/01\/cropped-Logo-IDDZT-2023-scaled-2.jpg\",\"width\":2219,\"height\":1478,\"caption\":\"ICI DEDANS DEHORS ZONE DE TURBULENCE - th\u00e9\u00e2tre indisciplin\u00e9\"},\"image\":{\"@id\":\"https:\/\/icidedansdehors.art\/#\/schema\/logo\/image\/\"},\"sameAs\":[\"https:\/\/www.facebook.com\/pleins.feux.5\"]}]}<\/script>\n<!-- \/ Yoast SEO plugin. -->","yoast_head_json":{"title":"Le sens de la vie - ICI DEDANS DEHORS ZONE DE TURBULENCE - th\u00e9\u00e2tre indisciplin\u00e9 ICI DEDANS DEHORS ZONE DE TURBULENCE - th\u00e9\u00e2tre indisciplin\u00e9","description":"Le sens de la vie, spectacle, cr\u00e9ation 2021, Mise en sc\u00e8ne et \u00e9criture Corinne Chevalier et Jorge Lorca, Production compagnie Pleins Feux, Premi\u00e8re \u00e9bauche jou\u00e9e dans le cadre de la deuxi\u00e8me \u00e9dition du festival Hors Champ (en format court de 30 minutes Spectacle du Dehors et du Dedans. ICI DEDANS DEHORS ZONE DE TURBULENCE - th\u00e9\u00e2tre indisciplin\u00e9","robots":{"index":"index","follow":"follow","max-snippet":"max-snippet:-1","max-image-preview":"max-image-preview:large","max-video-preview":"max-video-preview:-1"},"canonical":"https:\/\/icidedansdehors.art\/index.php\/nos-spectacles-2\/le-sens-de-la-vie\/","og_locale":"fr_FR","og_type":"article","og_title":"Le sens de la vie - ICI DEDANS DEHORS ZONE DE TURBULENCE - th\u00e9\u00e2tre indisciplin\u00e9 ICI DEDANS DEHORS ZONE DE TURBULENCE - th\u00e9\u00e2tre indisciplin\u00e9","og_description":"Le sens de la vie, spectacle, cr\u00e9ation 2021, Mise en sc\u00e8ne et \u00e9criture Corinne Chevalier et Jorge Lorca, Production compagnie Pleins Feux, Premi\u00e8re \u00e9bauche jou\u00e9e dans le cadre de la deuxi\u00e8me \u00e9dition du festival Hors Champ (en format court de 30 minutes Spectacle du Dehors et du Dedans. ICI DEDANS DEHORS ZONE DE TURBULENCE - th\u00e9\u00e2tre indisciplin\u00e9","og_url":"https:\/\/icidedansdehors.art\/index.php\/nos-spectacles-2\/le-sens-de-la-vie\/","og_site_name":"ICI DEDANS DEHORS ZONE DE TURBULENCE - th\u00e9\u00e2tre indisciplin\u00e9","article_publisher":"https:\/\/www.facebook.com\/pleins.feux.5","article_modified_time":"2023-01-05T10:19:45+00:00","og_image":[{"url":"https:\/\/icidedansdehors.art\/wp-content\/uploads\/2021\/11\/IMG_2009-1024x683.jpeg"}],"twitter_card":"summary_large_image","twitter_misc":{"Dur\u00e9e de lecture estim\u00e9e":"2 minutes"},"schema":{"@context":"https:\/\/schema.org","@graph":[{"@type":"WebPage","@id":"https:\/\/icidedansdehors.art\/index.php\/nos-spectacles-2\/le-sens-de-la-vie\/","url":"https:\/\/icidedansdehors.art\/index.php\/nos-spectacles-2\/le-sens-de-la-vie\/","name":"Le sens de la vie - ICI DEDANS DEHORS ZONE DE TURBULENCE - th\u00e9\u00e2tre indisciplin\u00e9 ICI DEDANS DEHORS ZONE DE TURBULENCE - th\u00e9\u00e2tre indisciplin\u00e9","isPartOf":{"@id":"https:\/\/icidedansdehors.art\/#website"},"primaryImageOfPage":{"@id":"https:\/\/icidedansdehors.art\/index.php\/nos-spectacles-2\/le-sens-de-la-vie\/#primaryimage"},"image":{"@id":"https:\/\/icidedansdehors.art\/index.php\/nos-spectacles-2\/le-sens-de-la-vie\/#primaryimage"},"thumbnailUrl":"https:\/\/icidedansdehors.art\/wp-content\/uploads\/2021\/11\/IMG_2009-1024x683.jpeg","datePublished":"2023-01-05T10:19:44+00:00","dateModified":"2023-01-05T10:19:45+00:00","description":"Le sens de la vie, spectacle, cr\u00e9ation 2021, Mise en sc\u00e8ne et \u00e9criture Corinne Chevalier et Jorge Lorca, Production compagnie Pleins Feux, Premi\u00e8re \u00e9bauche jou\u00e9e dans le cadre de la deuxi\u00e8me \u00e9dition du festival Hors Champ (en format court de 30 minutes Spectacle du Dehors et du Dedans. ICI DEDANS DEHORS ZONE DE TURBULENCE - th\u00e9\u00e2tre indisciplin\u00e9","breadcrumb":{"@id":"https:\/\/icidedansdehors.art\/index.php\/nos-spectacles-2\/le-sens-de-la-vie\/#breadcrumb"},"inLanguage":"fr-FR","potentialAction":[{"@type":"ReadAction","target":["https:\/\/icidedansdehors.art\/index.php\/nos-spectacles-2\/le-sens-de-la-vie\/"]}]},{"@type":"ImageObject","inLanguage":"fr-FR","@id":"https:\/\/icidedansdehors.art\/index.php\/nos-spectacles-2\/le-sens-de-la-vie\/#primaryimage","url":"https:\/\/icidedansdehors.art\/wp-content\/uploads\/2021\/11\/IMG_2009-1024x683.jpeg","contentUrl":"https:\/\/icidedansdehors.art\/wp-content\/uploads\/2021\/11\/IMG_2009-1024x683.jpeg"},{"@type":"BreadcrumbList","@id":"https:\/\/icidedansdehors.art\/index.php\/nos-spectacles-2\/le-sens-de-la-vie\/#breadcrumb","itemListElement":[{"@type":"ListItem","position":1,"name":"Accueil","item":"https:\/\/icidedansdehors.art\/"},{"@type":"ListItem","position":2,"name":"Nos spectacles","item":"https:\/\/icidedansdehors.art\/index.php\/nos-spectacles-2\/"},{"@type":"ListItem","position":3,"name":"Le sens de la vie"}]},{"@type":"WebSite","@id":"https:\/\/icidedansdehors.art\/#website","url":"https:\/\/icidedansdehors.art\/","name":"ICI DEDANS DEHORS ZONE DE TURBULENCE - th\u00e9\u00e2tre indisciplin\u00e9","description":"Compagnie de th\u00e9\u00e2tre indisciplin\u00e9e","publisher":{"@id":"https:\/\/icidedansdehors.art\/#organization"},"potentialAction":[{"@type":"SearchAction","target":{"@type":"EntryPoint","urlTemplate":"https:\/\/icidedansdehors.art\/?s={search_term_string}"},"query-input":{"@type":"PropertyValueSpecification","valueRequired":true,"valueName":"search_term_string"}}],"inLanguage":"fr-FR"},{"@type":"Organization","@id":"https:\/\/icidedansdehors.art\/#organization","name":"ICI DEDANS DEHORS ZONE DE TURBULENCE - th\u00e9\u00e2tre indisciplin\u00e9","url":"https:\/\/icidedansdehors.art\/","logo":{"@type":"ImageObject","inLanguage":"fr-FR","@id":"https:\/\/icidedansdehors.art\/#\/schema\/logo\/image\/","url":"https:\/\/icidedansdehors.art\/wp-content\/uploads\/2023\/01\/cropped-Logo-IDDZT-2023-scaled-2.jpg","contentUrl":"https:\/\/icidedansdehors.art\/wp-content\/uploads\/2023\/01\/cropped-Logo-IDDZT-2023-scaled-2.jpg","width":2219,"height":1478,"caption":"ICI DEDANS DEHORS ZONE DE TURBULENCE - th\u00e9\u00e2tre indisciplin\u00e9"},"image":{"@id":"https:\/\/icidedansdehors.art\/#\/schema\/logo\/image\/"},"sameAs":["https:\/\/www.facebook.com\/pleins.feux.5"]}]}},"_links":{"self":[{"href":"https:\/\/icidedansdehors.art\/index.php\/wp-json\/wp\/v2\/pages\/295"}],"collection":[{"href":"https:\/\/icidedansdehors.art\/index.php\/wp-json\/wp\/v2\/pages"}],"about":[{"href":"https:\/\/icidedansdehors.art\/index.php\/wp-json\/wp\/v2\/types\/page"}],"author":[{"embeddable":true,"href":"https:\/\/icidedansdehors.art\/index.php\/wp-json\/wp\/v2\/users\/1"}],"replies":[{"embeddable":true,"href":"https:\/\/icidedansdehors.art\/index.php\/wp-json\/wp\/v2\/comments?post=295"}],"version-history":[{"count":21,"href":"https:\/\/icidedansdehors.art\/index.php\/wp-json\/wp\/v2\/pages\/295\/revisions"}],"predecessor-version":[{"id":1555,"href":"https:\/\/icidedansdehors.art\/index.php\/wp-json\/wp\/v2\/pages\/295\/revisions\/1555"}],"up":[{"embeddable":true,"href":"https:\/\/icidedansdehors.art\/index.php\/wp-json\/wp\/v2\/pages\/369"}],"wp:attachment":[{"href":"https:\/\/icidedansdehors.art\/index.php\/wp-json\/wp\/v2\/media?parent=295"}],"curies":[{"name":"wp","href":"https:\/\/api.w.org\/{rel}","templated":true}]}}