{"id":583,"date":"2021-10-27T10:44:01","date_gmt":"2021-10-27T08:44:01","guid":{"rendered":"http:\/\/icidedansdehors.art\/?page_id=583"},"modified":"2023-02-23T19:20:49","modified_gmt":"2023-02-23T18:20:49","slug":"lequipe","status":"publish","type":"page","link":"https:\/\/icidedansdehors.art\/index.php\/lequipe\/","title":{"rendered":"L&rsquo;\u00e9quipe"},"content":{"rendered":"\n<p class=\"has-text-align-center has-accent-color has-text-color\" style=\"font-size:30px\">Corinne Chevalier<\/p>\n\n\n\n<p class=\"has-text-align-center\">Directrice Artistique de IDDZT<\/p>\n\n\n\n<div class=\"wp-block-media-text alignwide has-media-on-the-right is-stacked-on-mobile is-image-fill\" style=\"grid-template-columns:auto 29%\"><div class=\"wp-block-media-text__content\">\n<p class=\"has-text-align-right\">Com\u00e9dienne, danseuse, metteuse en sc\u00e8ne de th\u00e9\u00e2tre, audacieuse, d\u00e9nonciatrice avec une pointe de cynisme et d\u2019amertume, elle articule son travail de cr\u00e9ation autour du corps en jeu et des actions physiques. Dipl\u00f4m\u00e9e du Conservatoire National d\u2019Art Dramatique de Tours et Ma\u00eetre en arts du spectacle, sa recherche s\u2019est recentr\u00e9e depuis une dizaine d\u2019ann\u00e9es sur la question du mouvement et du texte alliant auteurs classiques et contemporains \u00e0 des techniques corporelles telles que le Tango Argentin, la danse contemporaine, la danse Odissi. <\/p>\n\n\n\n<p class=\"has-text-align-right\">Elle danse et joue sur sc\u00e8ne sous la direction de Sophie Moyano dans \u201cMoon Tango\u201d, de Sylvia Bagli dans \u201cLa For\u00eat Mouill\u00e9e\u201d de Victor Hugo et dans \u201cLola et Jim\u201d (MC93 de Bobigny), ainsi qu\u2019aux c\u00f4t\u00e9s du groupe \u201cArtango\u201d (Sc\u00e8ne Nationale de Noisy- le-Grand). Depuis plusieurs ann\u00e9es, elle se consacre \u00e0 la mise en sc\u00e8ne. Elle allie la danse, la musique et le texte contemporain au sein de ses cr\u00e9ations pour le plateau, pour la rue et pour le jeune public. <\/p>\n\n\n\n<p class=\"has-text-align-right\">Elle codirige la compagnie La D\u00e9ferlante pendant 12 ans et c\u2019est dans le cadre des projets d\u00e9velopp\u00e9s avec des publics emp\u00each\u00e9s qu\u2019elle re\u00e7oit en 2014 la m\u00e9daille des Chevaliers de l\u2019Ordre national du M\u00e9rite. Elle travaille \u00e9galement avec les compagnies Del Plata et Qui porte quoi ?. Elle enseigne la direction d\u2019acteur au sein de la Section Cin\u00e9ma \u00e0 l\u2019INSA et produit des spectacles bilingues franco- espagnol.<\/p>\n\n\n\n<p class=\"has-text-align-right\"><em>\u00ab&nbsp;Je dirais que la po\u00e9sie, l\u2019impertinence, la f\u00e9rocit\u00e9 et l\u2019amour sont les couleurs de ma ligne artistique. Dans mes cr\u00e9ations, je parle de la nature humaine, des d\u00e9s\u00e9quilibres de notre soci\u00e9t\u00e9, des paradoxes qui nous constituent, des femmes, des tyrannies\u2026.&nbsp;\u00bb<\/em><\/p>\n\n\n\n<p><\/p>\n<\/div><figure class=\"wp-block-media-text__media\" style=\"background-image:url(https:\/\/icidedansdehors.art\/wp-content\/uploads\/2023\/01\/CORINNE-Chevalier-1.jpg);background-position:50% 50%\"><img loading=\"lazy\" decoding=\"async\" width=\"850\" height=\"689\" src=\"https:\/\/icidedansdehors.art\/wp-content\/uploads\/2023\/01\/CORINNE-Chevalier-1.jpg\" alt=\"Directrice Artistique\" class=\"wp-image-1567 size-full\" srcset=\"https:\/\/icidedansdehors.art\/wp-content\/uploads\/2023\/01\/CORINNE-Chevalier-1.jpg 850w, https:\/\/icidedansdehors.art\/wp-content\/uploads\/2023\/01\/CORINNE-Chevalier-1-300x243.jpg 300w, https:\/\/icidedansdehors.art\/wp-content\/uploads\/2023\/01\/CORINNE-Chevalier-1-768x623.jpg 768w\" sizes=\"(max-width: 850px) 100vw, 850px\" \/><\/figure><\/div>\n\n\n\n<hr class=\"wp-block-separator has-text-color has-white-color has-css-opacity has-white-background-color has-background\"\/>\n\n\n\n<p class=\"has-text-align-center has-accent-color has-text-color\" style=\"font-size:30px\">Jorge Lorca<\/p>\n\n\n\n<p class=\"has-text-align-center\">Directeur Artistique de IDDZT<\/p>\n\n\n\n<div class=\"wp-block-media-text alignwide is-stacked-on-mobile is-vertically-aligned-top is-image-fill\" style=\"grid-template-columns:33% auto\"><figure class=\"wp-block-media-text__media\" style=\"background-image:url(https:\/\/icidedansdehors.art\/wp-content\/uploads\/2023\/01\/IMG_2208-1024x701.jpeg);background-position:50% 50%\"><img loading=\"lazy\" decoding=\"async\" width=\"1024\" height=\"701\" src=\"https:\/\/icidedansdehors.art\/wp-content\/uploads\/2023\/01\/IMG_2208-1024x701.jpeg\" alt=\"Jorge Lorca\" class=\"wp-image-1556 size-full\" srcset=\"https:\/\/icidedansdehors.art\/wp-content\/uploads\/2023\/01\/IMG_2208-1024x701.jpeg 1024w, https:\/\/icidedansdehors.art\/wp-content\/uploads\/2023\/01\/IMG_2208-300x205.jpeg 300w, https:\/\/icidedansdehors.art\/wp-content\/uploads\/2023\/01\/IMG_2208-768x526.jpeg 768w, https:\/\/icidedansdehors.art\/wp-content\/uploads\/2023\/01\/IMG_2208-1536x1052.jpeg 1536w, https:\/\/icidedansdehors.art\/wp-content\/uploads\/2023\/01\/IMG_2208-2048x1403.jpeg 2048w\" sizes=\"(max-width: 1024px) 100vw, 1024px\" \/><\/figure><div class=\"wp-block-media-text__content\">\n<p class=\"has-text-align-left\">C\u2019est aupr\u00e8s d\u2019Anatoli Vassiliev dans le cadre de sa collaboration \u00e0 l\u2019ENSAT de 2005 \u00e0 2007 en tant que professeur de la section mise en sc\u00e8ne que sa recherche autour du corps, du texte et de la transmission a pris un nouveau tournant. Artiste d\u2019origine latino-am\u00e9ricaine,&nbsp;pluridisciplinaire, com\u00e9dien, danseur, musicien, cordiste,&nbsp;improvisateur, r\u00e9alisateur et&nbsp;chor\u00e9graphe de combat sc\u00e9nique pour le spectacle vivant et le cin\u00e9ma. Artiste essentiel, qui va \u00e0 l\u2019essentiel. Inventif, intuitif et proche du&nbsp;surr\u00e9alisme, il aime&nbsp;sortir des limites qui lui sont impos\u00e9es, transgresse les r\u00e8gles de la cr\u00e9ation institutionnelle. Il aborde la cr\u00e9ation comme une impulsion cr\u00e9ative. Artiste de l\u2019instant, de la spontan\u00e9it\u00e9, il se situe dans un th\u00e9\u00e2tre&nbsp;o\u00f9 l&rsquo;exp\u00e9rimentation&nbsp;est reine. Il excelle dans le th\u00e9\u00e2tre de corps, le th\u00e9\u00e2tre visuel, le th\u00e9\u00e2tre d\u2019objet, tout ce qui relie le com\u00e9dien \u00e0 l\u2019acte de cr\u00e9ation. En constante transformation entre l\u2019action et la r\u00e9flexion, son univers artistique devient parfois loufoque, absurde et port\u00e9 par un imaginaire&nbsp;fleurissant.&nbsp;D\u2019une expression artistique puissante et sensible, sa pr\u00e9sence sc\u00e9nique est imposante, il s&rsquo;agit d&rsquo;un artiste de corps. Poss\u00e9dant un haut niveau en Kung Fu Wu Shu et en escrime de spectacle,&nbsp; il s\u2019est sp\u00e9cialis\u00e9 au cin\u00e9ma et au th\u00e9\u00e2tre dans la cascade et la chor\u00e9graphie de combat.  Il aborde le texte th\u00e9\u00e2tral avec la volont\u00e9 de l\u2019essentiel, pour exprimer ce qui ne peut plus se dire avec le corps et lib\u00e9rer l\u2019autre po\u00e9sie, celle des mots.<\/p>\n\n\n\n<p><a href=\"http:\/\/jorge-lorca.art\/\" target=\"_blank\" rel=\"noreferrer noopener\">http:\/\/jorge-lorca.art\/<\/a><\/p>\n<\/div><\/div>\n\n\n\n<p class=\"has-text-align-center has-accent-color has-text-color\" style=\"font-size:30px\">Pierre Fournier<\/p>\n\n\n\n<p class=\"has-text-align-center\">Dramaturge et auteur de IDDZT<\/p>\n\n\n\n<hr class=\"wp-block-separator has-text-color has-white-color has-css-opacity has-white-background-color has-background\"\/>\n\n\n\n<div class=\"wp-block-media-text alignwide has-media-on-the-right is-stacked-on-mobile is-vertically-aligned-top is-image-fill\" style=\"grid-template-columns:auto 26%\"><div class=\"wp-block-media-text__content\">\n<p class=\"has-text-align-right\">D\u2019abord musicien interpr\u00e8te, puis compositeur, Pierre se forme au Conservatoire de Saint-Etienne avant d\u2019int\u00e9grer la classe de composition mixte du Conservatoire National Sup\u00e9rieur de Musique et de Danse de Lyon d\u2019o\u00f9 il sortira dipl\u00f4m\u00e9 en 2020. Durant cette p\u00e9riode ses \u0153uvrent furent notamment cr\u00e9\u00e9es par l\u2019orchestre de l\u2019op\u00e9ra de Lyon (2019, dir. Daniele&nbsp;Rustioni), la maitrise de Radio France (2015, dir. Sophie Janin), les solistes de l\u2019ensemble orchestral contemporain (2015, dir. Eric Varion) et&nbsp;l\u2019orchestre de l\u2019op\u00e9ra-th\u00e9\u00e2tre de Saint-Etienne (2013, dir. Laurent Campellone), dans le cadre de manifestations telles que la biennale&nbsp;internationale du&nbsp;design de Saint-Etienne, la biennale Jules Massenet de&nbsp;l\u2019op\u00e9ra-th\u00e9\u00e2tre de Saint-Etienne, l\u2019echovofest de Turin.&nbsp;Il sera&nbsp;\u00e9galement finaliste du concours international de composition \u00ab&nbsp;Mauricio Kagel Kompositionswettbewerb&nbsp;\u00bb de Vienne (Autriche)&nbsp;\u00e9dition 2016.<br>Apr\u00e8s plusieurs projets de th\u00e9\u00e2tre-musical qui n\u2019eurent de cesse d\u2019alimenter son d\u00e9sir de penser l\u2019\u00e9criture sc\u00e9nique dans sa globalit\u00e9 et renouer avec la langue m\u00eame, Pierre se d\u00e9die d\u00e9sormais au th\u00e9\u00e2tre. Ecrivain et dramaturge, son geste fondamental vise \u00e0 r\u00e9soudre l\u2019urgence de penser et panser coextensive ment sujet et objet de l\u2019\u00e9criture. Ses derniers textes \u00ab Entre-deux \u00bb (Ulysse Manaud, 2021) et \u00ab&nbsp;<em>cornu&nbsp;copi\u00e6<\/em>&nbsp;\u00bb (Lucas Messler, 2022) furent cr\u00e9es au th\u00e9\u00e2tre de la Renaissance (Oullins).&nbsp;<br>Parall\u00e8lement \u00e0 son activit\u00e9 artistique, Pierre poursuit un cursus universitaire et m\u00e8ne une activit\u00e9 de chercheur. Il pr\u00e9pare actuellement un doctorat de philosophie m\u00ealant th\u00e9orie critique, esth\u00e9tique, psychanalyse, s\u00e9miologie et politique. Il sera pour la saison 2022-23 chercheur en r\u00e9sidence au Centre Chor\u00e9graphique National de Caen.<\/p>\n\n\n\n<p><\/p>\n<\/div><figure class=\"wp-block-media-text__media\" style=\"background-image:url(https:\/\/icidedansdehors.art\/wp-content\/uploads\/2023\/01\/Pierre-Fournier-2023.1-e1672917828481.jpeg);background-position:50% 50%\"><img loading=\"lazy\" decoding=\"async\" width=\"344\" height=\"339\" src=\"https:\/\/icidedansdehors.art\/wp-content\/uploads\/2023\/01\/Pierre-Fournier-2023.1-e1672917828481.jpeg\" alt=\"\" class=\"wp-image-1557 size-full\" srcset=\"https:\/\/icidedansdehors.art\/wp-content\/uploads\/2023\/01\/Pierre-Fournier-2023.1-e1672917828481.jpeg 344w, https:\/\/icidedansdehors.art\/wp-content\/uploads\/2023\/01\/Pierre-Fournier-2023.1-e1672917828481-300x296.jpeg 300w\" sizes=\"(max-width: 344px) 100vw, 344px\" \/><\/figure><\/div>\n\n\n\n<hr class=\"wp-block-separator has-text-color has-white-color has-css-opacity has-white-background-color has-background\"\/>\n\n\n\n<p class=\"has-text-align-center has-accent-color has-text-color\" style=\"font-size:30px\">Ma\u00eblys Kioska<\/p>\n\n\n\n<p class=\"has-text-align-center\">Charg\u00e9e de Prod\/Diff de IDDZT<\/p>\n\n\n\n<div class=\"wp-block-media-text alignwide is-stacked-on-mobile\" style=\"grid-template-columns:15% auto\"><figure class=\"wp-block-media-text__media\"><img loading=\"lazy\" decoding=\"async\" width=\"653\" height=\"809\" src=\"http:\/\/icidedansdehors.art\/wp-content\/uploads\/2021\/11\/259884271_3059677121019603_8889056038820441429_n.jpg\" alt=\"\" class=\"wp-image-1348 size-full\" srcset=\"https:\/\/icidedansdehors.art\/wp-content\/uploads\/2021\/11\/259884271_3059677121019603_8889056038820441429_n.jpg 653w, https:\/\/icidedansdehors.art\/wp-content\/uploads\/2021\/11\/259884271_3059677121019603_8889056038820441429_n-242x300.jpg 242w\" sizes=\"(max-width: 653px) 100vw, 653px\" \/><\/figure><div class=\"wp-block-media-text__content\">\n<p class=\"has-normal-font-size\">Ma\u00eblys a obtenu une licence de lettres modernes ainsi qu&rsquo;un master de management culturel : c&rsquo;est \u00e0 l&rsquo;issu de sa derni\u00e8re ann\u00e9e d&rsquo;\u00e9tude qu&rsquo;elle a int\u00e9gr\u00e9 la compagnie en qualit\u00e9 de charg\u00e9e de diffusion, de production et de communication.  Passionn\u00e9e de cin\u00e9ma, elle a aussi un go\u00fbt prononc\u00e9 pour le th\u00e9\u00e2tre, et appr\u00e9cie tout autant les mise en sc\u00e8ne classiques que contemporaines, et souhaite mettre \u00e0 profit ses comp\u00e9tences et ses savoirs \u00eatres pour soutenir des projets dont elle partage les valeurs fortes.<\/p>\n<\/div><\/div>\n\n\n\n<hr class=\"wp-block-separator has-text-color has-white-color has-css-opacity has-white-background-color has-background\"\/>\n\n\n\n<hr class=\"wp-block-separator has-text-color has-white-color has-css-opacity has-white-background-color has-background\"\/>\n\n\n\n<hr class=\"wp-block-separator has-text-color has-white-color has-css-opacity has-white-background-color has-background\"\/>\n\n\n\n<hr class=\"wp-block-separator has-text-color has-white-color has-css-opacity has-white-background-color has-background\"\/>\n\n\n\n<div class=\"wp-block-columns is-layout-flex wp-container-core-columns-layout-1 wp-block-columns-is-layout-flex\">\n<div class=\"wp-block-column is-layout-flow wp-block-column-is-layout-flow\"><\/div>\n\n\n\n<div class=\"wp-block-column is-layout-flow wp-block-column-is-layout-flow\"><\/div>\n\n\n\n<div class=\"wp-block-column is-layout-flow wp-block-column-is-layout-flow\"><\/div>\n<\/div>\n\n\n\n<p><\/p>\n","protected":false},"excerpt":{"rendered":"<p>Corinne Chevalier Directrice Artistique de IDDZT Com\u00e9dienne, danseuse, metteuse en sc\u00e8ne de th\u00e9\u00e2tre, audacieuse, d\u00e9nonciatrice avec une pointe de cynisme et d\u2019amertume, elle articule son travail de cr\u00e9ation autour du corps en jeu et des actions physiques. Dipl\u00f4m\u00e9e du Conservatoire National d\u2019Art Dramatique de Tours et Ma\u00eetre en arts du spectacle, sa recherche s\u2019est recentr\u00e9e [&hellip;]<\/p>\n","protected":false},"author":1,"featured_media":0,"parent":0,"menu_order":0,"comment_status":"closed","ping_status":"closed","template":"","meta":{"ocean_post_layout":"","ocean_both_sidebars_style":"","ocean_both_sidebars_content_width":0,"ocean_both_sidebars_sidebars_width":0,"ocean_sidebar":"0","ocean_second_sidebar":"0","ocean_disable_margins":"enable","ocean_add_body_class":"","ocean_shortcode_before_top_bar":"","ocean_shortcode_after_top_bar":"","ocean_shortcode_before_header":"","ocean_shortcode_after_header":"","ocean_has_shortcode":"","ocean_shortcode_after_title":"","ocean_shortcode_before_footer_widgets":"","ocean_shortcode_after_footer_widgets":"","ocean_shortcode_before_footer_bottom":"","ocean_shortcode_after_footer_bottom":"","ocean_display_top_bar":"default","ocean_display_header":"default","ocean_header_style":"","ocean_center_header_left_menu":"0","ocean_custom_header_template":"0","ocean_custom_logo":0,"ocean_custom_retina_logo":0,"ocean_custom_logo_max_width":0,"ocean_custom_logo_tablet_max_width":0,"ocean_custom_logo_mobile_max_width":0,"ocean_custom_logo_max_height":0,"ocean_custom_logo_tablet_max_height":0,"ocean_custom_logo_mobile_max_height":0,"ocean_header_custom_menu":"0","ocean_menu_typo_font_family":"0","ocean_menu_typo_font_subset":"","ocean_menu_typo_font_size":0,"ocean_menu_typo_font_size_tablet":0,"ocean_menu_typo_font_size_mobile":0,"ocean_menu_typo_font_size_unit":"px","ocean_menu_typo_font_weight":"","ocean_menu_typo_font_weight_tablet":"","ocean_menu_typo_font_weight_mobile":"","ocean_menu_typo_transform":"","ocean_menu_typo_transform_tablet":"","ocean_menu_typo_transform_mobile":"","ocean_menu_typo_line_height":0,"ocean_menu_typo_line_height_tablet":0,"ocean_menu_typo_line_height_mobile":0,"ocean_menu_typo_line_height_unit":"","ocean_menu_typo_spacing":0,"ocean_menu_typo_spacing_tablet":0,"ocean_menu_typo_spacing_mobile":0,"ocean_menu_typo_spacing_unit":"","ocean_menu_link_color":"","ocean_menu_link_color_hover":"","ocean_menu_link_color_active":"","ocean_menu_link_background":"","ocean_menu_link_hover_background":"","ocean_menu_link_active_background":"","ocean_menu_social_links_bg":"","ocean_menu_social_hover_links_bg":"","ocean_menu_social_links_color":"","ocean_menu_social_hover_links_color":"","ocean_disable_title":"default","ocean_disable_heading":"default","ocean_post_title":"","ocean_post_subheading":"","ocean_post_title_style":"centered-minimal","ocean_post_title_background_color":"","ocean_post_title_background":0,"ocean_post_title_bg_image_position":"","ocean_post_title_bg_image_attachment":"","ocean_post_title_bg_image_repeat":"","ocean_post_title_bg_image_size":"","ocean_post_title_height":0,"ocean_post_title_bg_overlay":0.5,"ocean_post_title_bg_overlay_color":"","ocean_disable_breadcrumbs":"off","ocean_breadcrumbs_color":"","ocean_breadcrumbs_separator_color":"","ocean_breadcrumbs_links_color":"","ocean_breadcrumbs_links_hover_color":"","ocean_display_footer_widgets":"default","ocean_display_footer_bottom":"off","ocean_custom_footer_template":"0","footnotes":""},"yoast_head":"<!-- This site is optimized with the Yoast SEO plugin v23.5 - https:\/\/yoast.com\/wordpress\/plugins\/seo\/ -->\n<title>L&#039;\u00e9quipe - ICI DEDANS DEHORS ZONE DE TURBULENCE - th\u00e9\u00e2tre indisciplin\u00e9<\/title>\n<meta name=\"robots\" content=\"index, follow, max-snippet:-1, max-image-preview:large, max-video-preview:-1\" \/>\n<link rel=\"canonical\" href=\"https:\/\/icidedansdehors.art\/index.php\/lequipe\/\" \/>\n<meta property=\"og:locale\" content=\"fr_FR\" \/>\n<meta property=\"og:type\" content=\"article\" \/>\n<meta property=\"og:title\" content=\"L&#039;\u00e9quipe - ICI DEDANS DEHORS ZONE DE TURBULENCE - th\u00e9\u00e2tre indisciplin\u00e9\" \/>\n<meta property=\"og:description\" content=\"Corinne Chevalier Directrice Artistique de IDDZT Com\u00e9dienne, danseuse, metteuse en sc\u00e8ne de th\u00e9\u00e2tre, audacieuse, d\u00e9nonciatrice avec une pointe de cynisme et d\u2019amertume, elle articule son travail de cr\u00e9ation autour du corps en jeu et des actions physiques. Dipl\u00f4m\u00e9e du Conservatoire National d\u2019Art Dramatique de Tours et Ma\u00eetre en arts du spectacle, sa recherche s\u2019est recentr\u00e9e [&hellip;]\" \/>\n<meta property=\"og:url\" content=\"https:\/\/icidedansdehors.art\/index.php\/lequipe\/\" \/>\n<meta property=\"og:site_name\" content=\"ICI DEDANS DEHORS ZONE DE TURBULENCE - th\u00e9\u00e2tre indisciplin\u00e9\" \/>\n<meta property=\"article:publisher\" content=\"https:\/\/www.facebook.com\/pleins.feux.5\" \/>\n<meta property=\"article:modified_time\" content=\"2023-02-23T18:20:49+00:00\" \/>\n<meta property=\"og:image\" content=\"https:\/\/icidedansdehors.art\/wp-content\/uploads\/2023\/01\/CORINNE-Chevalier-1.jpg\" \/>\n<meta name=\"twitter:card\" content=\"summary_large_image\" \/>\n<meta name=\"twitter:label1\" content=\"Dur\u00e9e de lecture estim\u00e9e\" \/>\n\t<meta name=\"twitter:data1\" content=\"6 minutes\" \/>\n<script type=\"application\/ld+json\" class=\"yoast-schema-graph\">{\"@context\":\"https:\/\/schema.org\",\"@graph\":[{\"@type\":\"WebPage\",\"@id\":\"https:\/\/icidedansdehors.art\/index.php\/lequipe\/\",\"url\":\"https:\/\/icidedansdehors.art\/index.php\/lequipe\/\",\"name\":\"L'\u00e9quipe - ICI DEDANS DEHORS ZONE DE TURBULENCE - th\u00e9\u00e2tre indisciplin\u00e9\",\"isPartOf\":{\"@id\":\"https:\/\/icidedansdehors.art\/#website\"},\"primaryImageOfPage\":{\"@id\":\"https:\/\/icidedansdehors.art\/index.php\/lequipe\/#primaryimage\"},\"image\":{\"@id\":\"https:\/\/icidedansdehors.art\/index.php\/lequipe\/#primaryimage\"},\"thumbnailUrl\":\"https:\/\/icidedansdehors.art\/wp-content\/uploads\/2023\/01\/CORINNE-Chevalier-1.jpg\",\"datePublished\":\"2021-10-27T08:44:01+00:00\",\"dateModified\":\"2023-02-23T18:20:49+00:00\",\"breadcrumb\":{\"@id\":\"https:\/\/icidedansdehors.art\/index.php\/lequipe\/#breadcrumb\"},\"inLanguage\":\"fr-FR\",\"potentialAction\":[{\"@type\":\"ReadAction\",\"target\":[\"https:\/\/icidedansdehors.art\/index.php\/lequipe\/\"]}]},{\"@type\":\"ImageObject\",\"inLanguage\":\"fr-FR\",\"@id\":\"https:\/\/icidedansdehors.art\/index.php\/lequipe\/#primaryimage\",\"url\":\"https:\/\/icidedansdehors.art\/wp-content\/uploads\/2023\/01\/CORINNE-Chevalier-1.jpg\",\"contentUrl\":\"https:\/\/icidedansdehors.art\/wp-content\/uploads\/2023\/01\/CORINNE-Chevalier-1.jpg\",\"width\":850,\"height\":689,\"caption\":\"Directrice Artistique\"},{\"@type\":\"BreadcrumbList\",\"@id\":\"https:\/\/icidedansdehors.art\/index.php\/lequipe\/#breadcrumb\",\"itemListElement\":[{\"@type\":\"ListItem\",\"position\":1,\"name\":\"Accueil\",\"item\":\"https:\/\/icidedansdehors.art\/\"},{\"@type\":\"ListItem\",\"position\":2,\"name\":\"L&rsquo;\u00e9quipe\"}]},{\"@type\":\"WebSite\",\"@id\":\"https:\/\/icidedansdehors.art\/#website\",\"url\":\"https:\/\/icidedansdehors.art\/\",\"name\":\"ICI DEDANS DEHORS ZONE DE TURBULENCE - th\u00e9\u00e2tre indisciplin\u00e9\",\"description\":\"Compagnie de th\u00e9\u00e2tre indisciplin\u00e9e\",\"publisher\":{\"@id\":\"https:\/\/icidedansdehors.art\/#organization\"},\"potentialAction\":[{\"@type\":\"SearchAction\",\"target\":{\"@type\":\"EntryPoint\",\"urlTemplate\":\"https:\/\/icidedansdehors.art\/?s={search_term_string}\"},\"query-input\":{\"@type\":\"PropertyValueSpecification\",\"valueRequired\":true,\"valueName\":\"search_term_string\"}}],\"inLanguage\":\"fr-FR\"},{\"@type\":\"Organization\",\"@id\":\"https:\/\/icidedansdehors.art\/#organization\",\"name\":\"ICI DEDANS DEHORS ZONE DE TURBULENCE - th\u00e9\u00e2tre indisciplin\u00e9\",\"url\":\"https:\/\/icidedansdehors.art\/\",\"logo\":{\"@type\":\"ImageObject\",\"inLanguage\":\"fr-FR\",\"@id\":\"https:\/\/icidedansdehors.art\/#\/schema\/logo\/image\/\",\"url\":\"https:\/\/icidedansdehors.art\/wp-content\/uploads\/2023\/01\/cropped-Logo-IDDZT-2023-scaled-2.jpg\",\"contentUrl\":\"https:\/\/icidedansdehors.art\/wp-content\/uploads\/2023\/01\/cropped-Logo-IDDZT-2023-scaled-2.jpg\",\"width\":2219,\"height\":1478,\"caption\":\"ICI DEDANS DEHORS ZONE DE TURBULENCE - th\u00e9\u00e2tre indisciplin\u00e9\"},\"image\":{\"@id\":\"https:\/\/icidedansdehors.art\/#\/schema\/logo\/image\/\"},\"sameAs\":[\"https:\/\/www.facebook.com\/pleins.feux.5\"]}]}<\/script>\n<!-- \/ Yoast SEO plugin. -->","yoast_head_json":{"title":"L'\u00e9quipe - ICI DEDANS DEHORS ZONE DE TURBULENCE - th\u00e9\u00e2tre indisciplin\u00e9","robots":{"index":"index","follow":"follow","max-snippet":"max-snippet:-1","max-image-preview":"max-image-preview:large","max-video-preview":"max-video-preview:-1"},"canonical":"https:\/\/icidedansdehors.art\/index.php\/lequipe\/","og_locale":"fr_FR","og_type":"article","og_title":"L'\u00e9quipe - ICI DEDANS DEHORS ZONE DE TURBULENCE - th\u00e9\u00e2tre indisciplin\u00e9","og_description":"Corinne Chevalier Directrice Artistique de IDDZT Com\u00e9dienne, danseuse, metteuse en sc\u00e8ne de th\u00e9\u00e2tre, audacieuse, d\u00e9nonciatrice avec une pointe de cynisme et d\u2019amertume, elle articule son travail de cr\u00e9ation autour du corps en jeu et des actions physiques. Dipl\u00f4m\u00e9e du Conservatoire National d\u2019Art Dramatique de Tours et Ma\u00eetre en arts du spectacle, sa recherche s\u2019est recentr\u00e9e [&hellip;]","og_url":"https:\/\/icidedansdehors.art\/index.php\/lequipe\/","og_site_name":"ICI DEDANS DEHORS ZONE DE TURBULENCE - th\u00e9\u00e2tre indisciplin\u00e9","article_publisher":"https:\/\/www.facebook.com\/pleins.feux.5","article_modified_time":"2023-02-23T18:20:49+00:00","og_image":[{"url":"https:\/\/icidedansdehors.art\/wp-content\/uploads\/2023\/01\/CORINNE-Chevalier-1.jpg"}],"twitter_card":"summary_large_image","twitter_misc":{"Dur\u00e9e de lecture estim\u00e9e":"6 minutes"},"schema":{"@context":"https:\/\/schema.org","@graph":[{"@type":"WebPage","@id":"https:\/\/icidedansdehors.art\/index.php\/lequipe\/","url":"https:\/\/icidedansdehors.art\/index.php\/lequipe\/","name":"L'\u00e9quipe - ICI DEDANS DEHORS ZONE DE TURBULENCE - th\u00e9\u00e2tre indisciplin\u00e9","isPartOf":{"@id":"https:\/\/icidedansdehors.art\/#website"},"primaryImageOfPage":{"@id":"https:\/\/icidedansdehors.art\/index.php\/lequipe\/#primaryimage"},"image":{"@id":"https:\/\/icidedansdehors.art\/index.php\/lequipe\/#primaryimage"},"thumbnailUrl":"https:\/\/icidedansdehors.art\/wp-content\/uploads\/2023\/01\/CORINNE-Chevalier-1.jpg","datePublished":"2021-10-27T08:44:01+00:00","dateModified":"2023-02-23T18:20:49+00:00","breadcrumb":{"@id":"https:\/\/icidedansdehors.art\/index.php\/lequipe\/#breadcrumb"},"inLanguage":"fr-FR","potentialAction":[{"@type":"ReadAction","target":["https:\/\/icidedansdehors.art\/index.php\/lequipe\/"]}]},{"@type":"ImageObject","inLanguage":"fr-FR","@id":"https:\/\/icidedansdehors.art\/index.php\/lequipe\/#primaryimage","url":"https:\/\/icidedansdehors.art\/wp-content\/uploads\/2023\/01\/CORINNE-Chevalier-1.jpg","contentUrl":"https:\/\/icidedansdehors.art\/wp-content\/uploads\/2023\/01\/CORINNE-Chevalier-1.jpg","width":850,"height":689,"caption":"Directrice Artistique"},{"@type":"BreadcrumbList","@id":"https:\/\/icidedansdehors.art\/index.php\/lequipe\/#breadcrumb","itemListElement":[{"@type":"ListItem","position":1,"name":"Accueil","item":"https:\/\/icidedansdehors.art\/"},{"@type":"ListItem","position":2,"name":"L&rsquo;\u00e9quipe"}]},{"@type":"WebSite","@id":"https:\/\/icidedansdehors.art\/#website","url":"https:\/\/icidedansdehors.art\/","name":"ICI DEDANS DEHORS ZONE DE TURBULENCE - th\u00e9\u00e2tre indisciplin\u00e9","description":"Compagnie de th\u00e9\u00e2tre indisciplin\u00e9e","publisher":{"@id":"https:\/\/icidedansdehors.art\/#organization"},"potentialAction":[{"@type":"SearchAction","target":{"@type":"EntryPoint","urlTemplate":"https:\/\/icidedansdehors.art\/?s={search_term_string}"},"query-input":{"@type":"PropertyValueSpecification","valueRequired":true,"valueName":"search_term_string"}}],"inLanguage":"fr-FR"},{"@type":"Organization","@id":"https:\/\/icidedansdehors.art\/#organization","name":"ICI DEDANS DEHORS ZONE DE TURBULENCE - th\u00e9\u00e2tre indisciplin\u00e9","url":"https:\/\/icidedansdehors.art\/","logo":{"@type":"ImageObject","inLanguage":"fr-FR","@id":"https:\/\/icidedansdehors.art\/#\/schema\/logo\/image\/","url":"https:\/\/icidedansdehors.art\/wp-content\/uploads\/2023\/01\/cropped-Logo-IDDZT-2023-scaled-2.jpg","contentUrl":"https:\/\/icidedansdehors.art\/wp-content\/uploads\/2023\/01\/cropped-Logo-IDDZT-2023-scaled-2.jpg","width":2219,"height":1478,"caption":"ICI DEDANS DEHORS ZONE DE TURBULENCE - th\u00e9\u00e2tre indisciplin\u00e9"},"image":{"@id":"https:\/\/icidedansdehors.art\/#\/schema\/logo\/image\/"},"sameAs":["https:\/\/www.facebook.com\/pleins.feux.5"]}]}},"_links":{"self":[{"href":"https:\/\/icidedansdehors.art\/index.php\/wp-json\/wp\/v2\/pages\/583"}],"collection":[{"href":"https:\/\/icidedansdehors.art\/index.php\/wp-json\/wp\/v2\/pages"}],"about":[{"href":"https:\/\/icidedansdehors.art\/index.php\/wp-json\/wp\/v2\/types\/page"}],"author":[{"embeddable":true,"href":"https:\/\/icidedansdehors.art\/index.php\/wp-json\/wp\/v2\/users\/1"}],"replies":[{"embeddable":true,"href":"https:\/\/icidedansdehors.art\/index.php\/wp-json\/wp\/v2\/comments?post=583"}],"version-history":[{"count":80,"href":"https:\/\/icidedansdehors.art\/index.php\/wp-json\/wp\/v2\/pages\/583\/revisions"}],"predecessor-version":[{"id":1624,"href":"https:\/\/icidedansdehors.art\/index.php\/wp-json\/wp\/v2\/pages\/583\/revisions\/1624"}],"wp:attachment":[{"href":"https:\/\/icidedansdehors.art\/index.php\/wp-json\/wp\/v2\/media?parent=583"}],"curies":[{"name":"wp","href":"https:\/\/api.w.org\/{rel}","templated":true}]}}